{"id":204,"date":"2014-10-26T21:35:30","date_gmt":"2014-10-26T20:35:30","guid":{"rendered":"http:\/\/www.photofellowship.de\/?page_id=204"},"modified":"2025-10-08T16:31:13","modified_gmt":"2025-10-08T14:31:13","slug":"mitgliederphotos","status":"publish","type":"page","link":"http:\/\/www.photofellowship.de\/?page_id=204","title":{"rendered":"Galerie"},"content":{"rendered":"<p>Auf dieser Seite pr\u00e4sentieren wir Ihnen einige ausgew\u00e4hlte Photos unserer Mitglieder. Wir w\u00fcnschen Ihnen viel Vergn\u00fcgen beim Betrachten.<\/p>\n<p>Kirsten Asmus<\/p>\n<div id='gallery-1' class='gallery galleryid-204 gallery-columns-3 gallery-size-medium'><figure class='gallery-item'>\n\t\t\t<div class='gallery-icon landscape'>\n\t\t\t\t<a href='http:\/\/www.photofellowship.de\/wp-content\/uploads\/2019\/10\/wildpferde15-164-1.jpg' title=\"\" data-rl_title=\"\" class=\"rl-gallery-link\" data-rl_caption=\"\" data-rel=\"lightbox-gallery-1\"><img loading=\"lazy\" decoding=\"async\" width=\"300\" height=\"127\" src=\"http:\/\/www.photofellowship.de\/wp-content\/uploads\/2019\/10\/wildpferde15-164-1-300x127.jpg\" class=\"attachment-medium size-medium\" alt=\"\" aria-describedby=\"gallery-1-574\" srcset=\"http:\/\/www.photofellowship.de\/wp-content\/uploads\/2019\/10\/wildpferde15-164-1-300x127.jpg 300w, http:\/\/www.photofellowship.de\/wp-content\/uploads\/2019\/10\/wildpferde15-164-1-768x326.jpg 768w, http:\/\/www.photofellowship.de\/wp-content\/uploads\/2019\/10\/wildpferde15-164-1-1024x434.jpg 1024w, http:\/\/www.photofellowship.de\/wp-content\/uploads\/2019\/10\/wildpferde15-164-1.jpg 1400w\" sizes=\"auto, (max-width: 300px) 100vw, 300px\" \/><\/a>\n\t\t\t<\/div>\n\t\t\t\t<figcaption class='wp-caption-text gallery-caption' id='gallery-1-574'>\n\t\t\t\tWildpferde\n\t\t\t\t<\/figcaption><\/figure>\n\t\t<\/div>\n\n<p>Karin Brockmann (RC Rheine)<\/p>\n<div id='gallery-2' class='gallery galleryid-204 gallery-columns-3 gallery-size-medium'><figure class='gallery-item'>\n\t\t\t<div class='gallery-icon landscape'>\n\t\t\t\t<a href='http:\/\/www.photofellowship.de\/wp-content\/uploads\/2014\/10\/Brockmann-Karin-Kind-im-Brunnen.jpg' title=\"\" data-rl_title=\"\" class=\"rl-gallery-link\" data-rl_caption=\"\" data-rel=\"lightbox-gallery-2\"><img loading=\"lazy\" decoding=\"async\" width=\"300\" height=\"200\" src=\"http:\/\/www.photofellowship.de\/wp-content\/uploads\/2014\/10\/Brockmann-Karin-Kind-im-Brunnen-300x200.jpg\" class=\"attachment-medium size-medium\" alt=\"\" srcset=\"http:\/\/www.photofellowship.de\/wp-content\/uploads\/2014\/10\/Brockmann-Karin-Kind-im-Brunnen-300x200.jpg 300w, http:\/\/www.photofellowship.de\/wp-content\/uploads\/2014\/10\/Brockmann-Karin-Kind-im-Brunnen-1024x685.jpg 1024w\" sizes=\"auto, (max-width: 300px) 100vw, 300px\" \/><\/a>\n\t\t\t<\/div><\/figure><figure class='gallery-item'>\n\t\t\t<div class='gallery-icon portrait'>\n\t\t\t\t<a href='http:\/\/www.photofellowship.de\/wp-content\/uploads\/2018\/03\/Karin-Brockmann-06.jpg' title=\"\" data-rl_title=\"\" class=\"rl-gallery-link\" data-rl_caption=\"\" data-rel=\"lightbox-gallery-2\"><img loading=\"lazy\" decoding=\"async\" width=\"201\" height=\"300\" src=\"http:\/\/www.photofellowship.de\/wp-content\/uploads\/2018\/03\/Karin-Brockmann-06-201x300.jpg\" class=\"attachment-medium size-medium\" alt=\"\" srcset=\"http:\/\/www.photofellowship.de\/wp-content\/uploads\/2018\/03\/Karin-Brockmann-06-201x300.jpg 201w, http:\/\/www.photofellowship.de\/wp-content\/uploads\/2018\/03\/Karin-Brockmann-06-768x1147.jpg 768w, http:\/\/www.photofellowship.de\/wp-content\/uploads\/2018\/03\/Karin-Brockmann-06-685x1024.jpg 685w, http:\/\/www.photofellowship.de\/wp-content\/uploads\/2018\/03\/Karin-Brockmann-06.jpg 937w\" sizes=\"auto, (max-width: 201px) 100vw, 201px\" \/><\/a>\n\t\t\t<\/div><\/figure><figure class='gallery-item'>\n\t\t\t<div class='gallery-icon landscape'>\n\t\t\t\t<a href='http:\/\/www.photofellowship.de\/wp-content\/uploads\/2018\/03\/Karin-Brockmann-05.jpg' title=\"\" data-rl_title=\"\" class=\"rl-gallery-link\" data-rl_caption=\"\" data-rel=\"lightbox-gallery-2\"><img loading=\"lazy\" decoding=\"async\" width=\"300\" height=\"201\" src=\"http:\/\/www.photofellowship.de\/wp-content\/uploads\/2018\/03\/Karin-Brockmann-05-300x201.jpg\" class=\"attachment-medium size-medium\" alt=\"\" srcset=\"http:\/\/www.photofellowship.de\/wp-content\/uploads\/2018\/03\/Karin-Brockmann-05-300x201.jpg 300w, http:\/\/www.photofellowship.de\/wp-content\/uploads\/2018\/03\/Karin-Brockmann-05-768x515.jpg 768w, http:\/\/www.photofellowship.de\/wp-content\/uploads\/2018\/03\/Karin-Brockmann-05-1024x687.jpg 1024w, http:\/\/www.photofellowship.de\/wp-content\/uploads\/2018\/03\/Karin-Brockmann-05.jpg 1400w\" sizes=\"auto, (max-width: 300px) 100vw, 300px\" \/><\/a>\n\t\t\t<\/div><\/figure><figure class='gallery-item'>\n\t\t\t<div class='gallery-icon landscape'>\n\t\t\t\t<a href='http:\/\/www.photofellowship.de\/wp-content\/uploads\/2018\/03\/Karin-Brockmann-04.jpg' title=\"\" data-rl_title=\"\" class=\"rl-gallery-link\" data-rl_caption=\"\" data-rel=\"lightbox-gallery-2\"><img loading=\"lazy\" decoding=\"async\" width=\"300\" height=\"200\" src=\"http:\/\/www.photofellowship.de\/wp-content\/uploads\/2018\/03\/Karin-Brockmann-04-300x200.jpg\" class=\"attachment-medium size-medium\" alt=\"\" srcset=\"http:\/\/www.photofellowship.de\/wp-content\/uploads\/2018\/03\/Karin-Brockmann-04-300x200.jpg 300w, http:\/\/www.photofellowship.de\/wp-content\/uploads\/2018\/03\/Karin-Brockmann-04-768x511.jpg 768w, http:\/\/www.photofellowship.de\/wp-content\/uploads\/2018\/03\/Karin-Brockmann-04-1024x681.jpg 1024w, http:\/\/www.photofellowship.de\/wp-content\/uploads\/2018\/03\/Karin-Brockmann-04.jpg 1400w\" sizes=\"auto, (max-width: 300px) 100vw, 300px\" \/><\/a>\n\t\t\t<\/div><\/figure><figure class='gallery-item'>\n\t\t\t<div class='gallery-icon portrait'>\n\t\t\t\t<a href='http:\/\/www.photofellowship.de\/wp-content\/uploads\/2018\/03\/Karin-Brockmann-03.jpg' title=\"\" data-rl_title=\"\" class=\"rl-gallery-link\" data-rl_caption=\"\" data-rel=\"lightbox-gallery-2\"><img loading=\"lazy\" decoding=\"async\" width=\"199\" height=\"300\" src=\"http:\/\/www.photofellowship.de\/wp-content\/uploads\/2018\/03\/Karin-Brockmann-03-199x300.jpg\" class=\"attachment-medium size-medium\" alt=\"\" srcset=\"http:\/\/www.photofellowship.de\/wp-content\/uploads\/2018\/03\/Karin-Brockmann-03-199x300.jpg 199w, http:\/\/www.photofellowship.de\/wp-content\/uploads\/2018\/03\/Karin-Brockmann-03.jpg 638w\" sizes=\"auto, (max-width: 199px) 100vw, 199px\" \/><\/a>\n\t\t\t<\/div><\/figure><figure class='gallery-item'>\n\t\t\t<div class='gallery-icon landscape'>\n\t\t\t\t<a href='http:\/\/www.photofellowship.de\/wp-content\/uploads\/2018\/03\/Karin-Brockmann-02.jpg' title=\"\" data-rl_title=\"\" class=\"rl-gallery-link\" data-rl_caption=\"\" data-rel=\"lightbox-gallery-2\"><img loading=\"lazy\" decoding=\"async\" width=\"300\" height=\"201\" src=\"http:\/\/www.photofellowship.de\/wp-content\/uploads\/2018\/03\/Karin-Brockmann-02-300x201.jpg\" class=\"attachment-medium size-medium\" alt=\"\" srcset=\"http:\/\/www.photofellowship.de\/wp-content\/uploads\/2018\/03\/Karin-Brockmann-02-300x201.jpg 300w, http:\/\/www.photofellowship.de\/wp-content\/uploads\/2018\/03\/Karin-Brockmann-02-768x514.jpg 768w, http:\/\/www.photofellowship.de\/wp-content\/uploads\/2018\/03\/Karin-Brockmann-02-1024x685.jpg 1024w, http:\/\/www.photofellowship.de\/wp-content\/uploads\/2018\/03\/Karin-Brockmann-02.jpg 1400w\" sizes=\"auto, (max-width: 300px) 100vw, 300px\" \/><\/a>\n\t\t\t<\/div><\/figure><figure class='gallery-item'>\n\t\t\t<div class='gallery-icon portrait'>\n\t\t\t\t<a href='http:\/\/www.photofellowship.de\/wp-content\/uploads\/2018\/03\/Karin-Brockmann-01.jpg' title=\"\" data-rl_title=\"\" class=\"rl-gallery-link\" data-rl_caption=\"\" data-rel=\"lightbox-gallery-2\"><img loading=\"lazy\" decoding=\"async\" width=\"200\" height=\"300\" src=\"http:\/\/www.photofellowship.de\/wp-content\/uploads\/2018\/03\/Karin-Brockmann-01-200x300.jpg\" class=\"attachment-medium size-medium\" alt=\"\" srcset=\"http:\/\/www.photofellowship.de\/wp-content\/uploads\/2018\/03\/Karin-Brockmann-01-200x300.jpg 200w, http:\/\/www.photofellowship.de\/wp-content\/uploads\/2018\/03\/Karin-Brockmann-01-768x1155.jpg 768w, http:\/\/www.photofellowship.de\/wp-content\/uploads\/2018\/03\/Karin-Brockmann-01-681x1024.jpg 681w, http:\/\/www.photofellowship.de\/wp-content\/uploads\/2018\/03\/Karin-Brockmann-01.jpg 931w\" sizes=\"auto, (max-width: 200px) 100vw, 200px\" \/><\/a>\n\t\t\t<\/div><\/figure>\n\t\t<\/div>\n\n<p>Hannes Dambacher (RC N\u00f6rdlingen)<\/p>\n<div id='gallery-3' class='gallery galleryid-204 gallery-columns-3 gallery-size-medium'><figure class='gallery-item'>\n\t\t\t<div class='gallery-icon portrait'>\n\t\t\t\t<a href='http:\/\/www.photofellowship.de\/wp-content\/uploads\/2021\/02\/Abgebrannt-24.jpg' title=\"\" data-rl_title=\"\" class=\"rl-gallery-link\" data-rl_caption=\"\" data-rel=\"lightbox-gallery-3\"><img loading=\"lazy\" decoding=\"async\" width=\"177\" height=\"300\" src=\"http:\/\/www.photofellowship.de\/wp-content\/uploads\/2021\/02\/Abgebrannt-24-177x300.jpg\" class=\"attachment-medium size-medium\" alt=\"Abgebrannt\" aria-describedby=\"gallery-3-731\" srcset=\"http:\/\/www.photofellowship.de\/wp-content\/uploads\/2021\/02\/Abgebrannt-24-177x300.jpg 177w, http:\/\/www.photofellowship.de\/wp-content\/uploads\/2021\/02\/Abgebrannt-24-603x1024.jpg 603w, http:\/\/www.photofellowship.de\/wp-content\/uploads\/2021\/02\/Abgebrannt-24-768x1303.jpg 768w, http:\/\/www.photofellowship.de\/wp-content\/uploads\/2021\/02\/Abgebrannt-24.jpg 825w\" sizes=\"auto, (max-width: 177px) 100vw, 177px\" \/><\/a>\n\t\t\t<\/div>\n\t\t\t\t<figcaption class='wp-caption-text gallery-caption' id='gallery-3-731'>\n\t\t\t\tAbgebrannt\n\t\t\t\t<\/figcaption><\/figure><figure class='gallery-item'>\n\t\t\t<div class='gallery-icon landscape'>\n\t\t\t\t<a href='http:\/\/www.photofellowship.de\/wp-content\/uploads\/2021\/02\/C.-Dambacher-19.jpg' title=\"\" data-rl_title=\"\" class=\"rl-gallery-link\" data-rl_caption=\"\" data-rel=\"lightbox-gallery-3\"><img loading=\"lazy\" decoding=\"async\" width=\"300\" height=\"200\" src=\"http:\/\/www.photofellowship.de\/wp-content\/uploads\/2021\/02\/C.-Dambacher-19-300x200.jpg\" class=\"attachment-medium size-medium\" alt=\"\" srcset=\"http:\/\/www.photofellowship.de\/wp-content\/uploads\/2021\/02\/C.-Dambacher-19-300x200.jpg 300w, http:\/\/www.photofellowship.de\/wp-content\/uploads\/2021\/02\/C.-Dambacher-19-1024x684.jpg 1024w, http:\/\/www.photofellowship.de\/wp-content\/uploads\/2021\/02\/C.-Dambacher-19-768x513.jpg 768w, http:\/\/www.photofellowship.de\/wp-content\/uploads\/2021\/02\/C.-Dambacher-19.jpg 1400w\" sizes=\"auto, (max-width: 300px) 100vw, 300px\" \/><\/a>\n\t\t\t<\/div><\/figure><figure class='gallery-item'>\n\t\t\t<div class='gallery-icon landscape'>\n\t\t\t\t<a href='http:\/\/www.photofellowship.de\/wp-content\/uploads\/2021\/02\/P1000170.jpg' title=\"\" data-rl_title=\"\" class=\"rl-gallery-link\" data-rl_caption=\"\" data-rel=\"lightbox-gallery-3\"><img loading=\"lazy\" decoding=\"async\" width=\"300\" height=\"200\" src=\"http:\/\/www.photofellowship.de\/wp-content\/uploads\/2021\/02\/P1000170-300x200.jpg\" class=\"attachment-medium size-medium\" alt=\"\" srcset=\"http:\/\/www.photofellowship.de\/wp-content\/uploads\/2021\/02\/P1000170-300x200.jpg 300w, http:\/\/www.photofellowship.de\/wp-content\/uploads\/2021\/02\/P1000170-1024x684.jpg 1024w, http:\/\/www.photofellowship.de\/wp-content\/uploads\/2021\/02\/P1000170-768x513.jpg 768w, http:\/\/www.photofellowship.de\/wp-content\/uploads\/2021\/02\/P1000170.jpg 1400w\" sizes=\"auto, (max-width: 300px) 100vw, 300px\" \/><\/a>\n\t\t\t<\/div><\/figure><figure class='gallery-item'>\n\t\t\t<div class='gallery-icon landscape'>\n\t\t\t\t<a href='http:\/\/www.photofellowship.de\/wp-content\/uploads\/2021\/02\/P1000292.jpg' title=\"\" data-rl_title=\"\" class=\"rl-gallery-link\" data-rl_caption=\"\" data-rel=\"lightbox-gallery-3\"><img loading=\"lazy\" decoding=\"async\" width=\"300\" height=\"200\" src=\"http:\/\/www.photofellowship.de\/wp-content\/uploads\/2021\/02\/P1000292-300x200.jpg\" class=\"attachment-medium size-medium\" alt=\"\" srcset=\"http:\/\/www.photofellowship.de\/wp-content\/uploads\/2021\/02\/P1000292-300x200.jpg 300w, http:\/\/www.photofellowship.de\/wp-content\/uploads\/2021\/02\/P1000292-1024x684.jpg 1024w, http:\/\/www.photofellowship.de\/wp-content\/uploads\/2021\/02\/P1000292-768x513.jpg 768w, http:\/\/www.photofellowship.de\/wp-content\/uploads\/2021\/02\/P1000292.jpg 1400w\" sizes=\"auto, (max-width: 300px) 100vw, 300px\" \/><\/a>\n\t\t\t<\/div><\/figure>\n\t\t<\/div>\n\n<p>Axel Klein (Rotary E-Club Bavaria International)<\/p>\n<div id='gallery-4' class='gallery galleryid-204 gallery-columns-3 gallery-size-medium'><figure class='gallery-item'>\n\t\t\t<div class='gallery-icon portrait'>\n\t\t\t\t<a href='http:\/\/www.photofellowship.de\/wp-content\/uploads\/2014\/10\/klein-axel_reiher.jpg' title=\"\" data-rl_title=\"\" class=\"rl-gallery-link\" data-rl_caption=\"\" data-rel=\"lightbox-gallery-4\"><img loading=\"lazy\" decoding=\"async\" width=\"200\" height=\"300\" src=\"http:\/\/www.photofellowship.de\/wp-content\/uploads\/2014\/10\/klein-axel_reiher-200x300.jpg\" class=\"attachment-medium size-medium\" alt=\"\" aria-describedby=\"gallery-4-369\" srcset=\"http:\/\/www.photofellowship.de\/wp-content\/uploads\/2014\/10\/klein-axel_reiher-200x300.jpg 200w, http:\/\/www.photofellowship.de\/wp-content\/uploads\/2014\/10\/klein-axel_reiher-768x1151.jpg 768w, http:\/\/www.photofellowship.de\/wp-content\/uploads\/2014\/10\/klein-axel_reiher-683x1024.jpg 683w, http:\/\/www.photofellowship.de\/wp-content\/uploads\/2014\/10\/klein-axel_reiher.jpg 934w\" sizes=\"auto, (max-width: 200px) 100vw, 200px\" \/><\/a>\n\t\t\t<\/div>\n\t\t\t\t<figcaption class='wp-caption-text gallery-caption' id='gallery-4-369'>\n\t\t\t\tReiher\n\t\t\t\t<\/figcaption><\/figure><figure class='gallery-item'>\n\t\t\t<div class='gallery-icon landscape'>\n\t\t\t\t<a href='http:\/\/www.photofellowship.de\/wp-content\/uploads\/2014\/10\/klein-axel_rio.jpg' title=\"\" data-rl_title=\"\" class=\"rl-gallery-link\" data-rl_caption=\"\" data-rel=\"lightbox-gallery-4\"><img loading=\"lazy\" decoding=\"async\" width=\"300\" height=\"200\" src=\"http:\/\/www.photofellowship.de\/wp-content\/uploads\/2014\/10\/klein-axel_rio-300x200.jpg\" class=\"attachment-medium size-medium\" alt=\"\" aria-describedby=\"gallery-4-370\" srcset=\"http:\/\/www.photofellowship.de\/wp-content\/uploads\/2014\/10\/klein-axel_rio-300x200.jpg 300w, http:\/\/www.photofellowship.de\/wp-content\/uploads\/2014\/10\/klein-axel_rio-768x512.jpg 768w, http:\/\/www.photofellowship.de\/wp-content\/uploads\/2014\/10\/klein-axel_rio-1024x683.jpg 1024w, http:\/\/www.photofellowship.de\/wp-content\/uploads\/2014\/10\/klein-axel_rio.jpg 1400w\" sizes=\"auto, (max-width: 300px) 100vw, 300px\" \/><\/a>\n\t\t\t<\/div>\n\t\t\t\t<figcaption class='wp-caption-text gallery-caption' id='gallery-4-370'>\n\t\t\t\tSonnenuntergang in Rio de Janeiro\n\t\t\t\t<\/figcaption><\/figure>\n\t\t<\/div>\n\n<p>&nbsp;<\/p>\n<p>Christian Stakelbeck (RC K\u00f6ln-Kastell)<\/p>\n<div id='gallery-5' class='gallery galleryid-204 gallery-columns-3 gallery-size-medium'><figure class='gallery-item'>\n\t\t\t<div class='gallery-icon landscape'>\n\t\t\t\t<a href='http:\/\/www.photofellowship.de\/wp-content\/uploads\/2014\/10\/stakelbeck-christian_Sonnenaufgang-im-Serail.jpg' title=\"\" data-rl_title=\"\" class=\"rl-gallery-link\" data-rl_caption=\"\" data-rel=\"lightbox-gallery-5\"><img loading=\"lazy\" decoding=\"async\" width=\"300\" height=\"225\" src=\"http:\/\/www.photofellowship.de\/wp-content\/uploads\/2014\/10\/stakelbeck-christian_Sonnenaufgang-im-Serail-300x225.jpg\" class=\"attachment-medium size-medium\" alt=\"\" aria-describedby=\"gallery-5-249\" srcset=\"http:\/\/www.photofellowship.de\/wp-content\/uploads\/2014\/10\/stakelbeck-christian_Sonnenaufgang-im-Serail-300x225.jpg 300w, http:\/\/www.photofellowship.de\/wp-content\/uploads\/2014\/10\/stakelbeck-christian_Sonnenaufgang-im-Serail.jpg 1024w\" sizes=\"auto, (max-width: 300px) 100vw, 300px\" \/><\/a>\n\t\t\t<\/div>\n\t\t\t\t<figcaption class='wp-caption-text gallery-caption' id='gallery-5-249'>\n\t\t\t\tSonnenaufgang im Serail\n\t\t\t\t<\/figcaption><\/figure><figure class='gallery-item'>\n\t\t\t<div class='gallery-icon landscape'>\n\t\t\t\t<a href='http:\/\/www.photofellowship.de\/wp-content\/uploads\/2014\/10\/stakelbeck-christian_Quelle-des-Lebens.jpg' title=\"\" data-rl_title=\"\" class=\"rl-gallery-link\" data-rl_caption=\"\" data-rel=\"lightbox-gallery-5\"><img loading=\"lazy\" decoding=\"async\" width=\"300\" height=\"232\" src=\"http:\/\/www.photofellowship.de\/wp-content\/uploads\/2014\/10\/stakelbeck-christian_Quelle-des-Lebens-300x232.jpg\" class=\"attachment-medium size-medium\" alt=\"\" aria-describedby=\"gallery-5-248\" srcset=\"http:\/\/www.photofellowship.de\/wp-content\/uploads\/2014\/10\/stakelbeck-christian_Quelle-des-Lebens-300x232.jpg 300w, http:\/\/www.photofellowship.de\/wp-content\/uploads\/2014\/10\/stakelbeck-christian_Quelle-des-Lebens.jpg 1024w\" sizes=\"auto, (max-width: 300px) 100vw, 300px\" \/><\/a>\n\t\t\t<\/div>\n\t\t\t\t<figcaption class='wp-caption-text gallery-caption' id='gallery-5-248'>\n\t\t\t\tQuelle des Lebens\n\t\t\t\t<\/figcaption><\/figure><figure class='gallery-item'>\n\t\t\t<div class='gallery-icon landscape'>\n\t\t\t\t<a href='http:\/\/www.photofellowship.de\/wp-content\/uploads\/2014\/10\/stakelbeck-christian_keimendes-Leben.jpg' title=\"\" data-rl_title=\"\" class=\"rl-gallery-link\" data-rl_caption=\"\" data-rel=\"lightbox-gallery-5\"><img loading=\"lazy\" decoding=\"async\" width=\"300\" height=\"200\" src=\"http:\/\/www.photofellowship.de\/wp-content\/uploads\/2014\/10\/stakelbeck-christian_keimendes-Leben-300x200.jpg\" class=\"attachment-medium size-medium\" alt=\"\" aria-describedby=\"gallery-5-246\" srcset=\"http:\/\/www.photofellowship.de\/wp-content\/uploads\/2014\/10\/stakelbeck-christian_keimendes-Leben-300x200.jpg 300w, http:\/\/www.photofellowship.de\/wp-content\/uploads\/2014\/10\/stakelbeck-christian_keimendes-Leben.jpg 1024w\" sizes=\"auto, (max-width: 300px) 100vw, 300px\" \/><\/a>\n\t\t\t<\/div>\n\t\t\t\t<figcaption class='wp-caption-text gallery-caption' id='gallery-5-246'>\n\t\t\t\tKeimendes Leben\n\t\t\t\t<\/figcaption><\/figure><figure class='gallery-item'>\n\t\t\t<div class='gallery-icon landscape'>\n\t\t\t\t<a href='http:\/\/www.photofellowship.de\/wp-content\/uploads\/2014\/10\/stakelbeck-christian_pralles-Leben.jpg' title=\"\" data-rl_title=\"\" class=\"rl-gallery-link\" data-rl_caption=\"\" data-rel=\"lightbox-gallery-5\"><img loading=\"lazy\" decoding=\"async\" width=\"300\" height=\"181\" src=\"http:\/\/www.photofellowship.de\/wp-content\/uploads\/2014\/10\/stakelbeck-christian_pralles-Leben-300x181.jpg\" class=\"attachment-medium size-medium\" alt=\"\" aria-describedby=\"gallery-5-247\" srcset=\"http:\/\/www.photofellowship.de\/wp-content\/uploads\/2014\/10\/stakelbeck-christian_pralles-Leben-300x181.jpg 300w, http:\/\/www.photofellowship.de\/wp-content\/uploads\/2014\/10\/stakelbeck-christian_pralles-Leben.jpg 1024w\" sizes=\"auto, (max-width: 300px) 100vw, 300px\" \/><\/a>\n\t\t\t<\/div>\n\t\t\t\t<figcaption class='wp-caption-text gallery-caption' id='gallery-5-247'>\n\t\t\t\tPralles Leben\n\t\t\t\t<\/figcaption><\/figure><figure class='gallery-item'>\n\t\t\t<div class='gallery-icon landscape'>\n\t\t\t\t<a href='http:\/\/www.photofellowship.de\/wp-content\/uploads\/2014\/10\/stakelbeck-christian_Konrad-Adenauer.jpg' title=\"\" data-rl_title=\"\" class=\"rl-gallery-link\" data-rl_caption=\"\" data-rel=\"lightbox-gallery-5\"><img loading=\"lazy\" decoding=\"async\" width=\"300\" height=\"168\" src=\"http:\/\/www.photofellowship.de\/wp-content\/uploads\/2014\/10\/stakelbeck-christian_Konrad-Adenauer-300x168.jpg\" class=\"attachment-medium size-medium\" alt=\"Konrad Adenauer\" aria-describedby=\"gallery-5-321\" srcset=\"http:\/\/www.photofellowship.de\/wp-content\/uploads\/2014\/10\/stakelbeck-christian_Konrad-Adenauer-300x168.jpg 300w, http:\/\/www.photofellowship.de\/wp-content\/uploads\/2014\/10\/stakelbeck-christian_Konrad-Adenauer.jpg 1024w\" sizes=\"auto, (max-width: 300px) 100vw, 300px\" \/><\/a>\n\t\t\t<\/div>\n\t\t\t\t<figcaption class='wp-caption-text gallery-caption' id='gallery-5-321'>\n\t\t\t\tKonrad Adenauer\n\t\t\t\t<\/figcaption><\/figure><figure class='gallery-item'>\n\t\t\t<div class='gallery-icon landscape'>\n\t\t\t\t<a href='http:\/\/www.photofellowship.de\/wp-content\/uploads\/2015\/09\/2015-09_Hibiskus.jpg' title=\"\" data-rl_title=\"\" class=\"rl-gallery-link\" data-rl_caption=\"\" data-rel=\"lightbox-gallery-5\"><img loading=\"lazy\" decoding=\"async\" width=\"300\" height=\"168\" src=\"http:\/\/www.photofellowship.de\/wp-content\/uploads\/2015\/09\/2015-09_Hibiskus-300x168.jpg\" class=\"attachment-medium size-medium\" alt=\"Hibiskus\" aria-describedby=\"gallery-5-319\" srcset=\"http:\/\/www.photofellowship.de\/wp-content\/uploads\/2015\/09\/2015-09_Hibiskus-300x168.jpg 300w, http:\/\/www.photofellowship.de\/wp-content\/uploads\/2015\/09\/2015-09_Hibiskus.jpg 1024w\" sizes=\"auto, (max-width: 300px) 100vw, 300px\" \/><\/a>\n\t\t\t<\/div>\n\t\t\t\t<figcaption class='wp-caption-text gallery-caption' id='gallery-5-319'>\n\t\t\t\tHibiskus\n\t\t\t\t<\/figcaption><\/figure><figure class='gallery-item'>\n\t\t\t<div class='gallery-icon portrait'>\n\t\t\t\t<a href='http:\/\/www.photofellowship.de\/wp-content\/uploads\/2014\/10\/K\u00f6lner-Dom-01-ba.jpg' title=\"\" data-rl_title=\"\" class=\"rl-gallery-link\" data-rl_caption=\"\" data-rel=\"lightbox-gallery-5\"><img loading=\"lazy\" decoding=\"async\" width=\"185\" height=\"300\" src=\"http:\/\/www.photofellowship.de\/wp-content\/uploads\/2014\/10\/K\u00f6lner-Dom-01-ba-185x300.jpg\" class=\"attachment-medium size-medium\" alt=\"\" aria-describedby=\"gallery-5-386\" srcset=\"http:\/\/www.photofellowship.de\/wp-content\/uploads\/2014\/10\/K\u00f6lner-Dom-01-ba-185x300.jpg 185w, http:\/\/www.photofellowship.de\/wp-content\/uploads\/2014\/10\/K\u00f6lner-Dom-01-ba-768x1247.jpg 768w, http:\/\/www.photofellowship.de\/wp-content\/uploads\/2014\/10\/K\u00f6lner-Dom-01-ba-630x1024.jpg 630w, http:\/\/www.photofellowship.de\/wp-content\/uploads\/2014\/10\/K\u00f6lner-Dom-01-ba.jpg 862w\" sizes=\"auto, (max-width: 185px) 100vw, 185px\" \/><\/a>\n\t\t\t<\/div>\n\t\t\t\t<figcaption class='wp-caption-text gallery-caption' id='gallery-5-386'>\n\t\t\t\tK\u00f6lner Dom\n\t\t\t\t<\/figcaption><\/figure><figure class='gallery-item'>\n\t\t\t<div class='gallery-icon landscape'>\n\t\t\t\t<a href='http:\/\/www.photofellowship.de\/wp-content\/uploads\/2014\/10\/K\u00f6lner-Rhein-01-ba.jpg' title=\"\" data-rl_title=\"\" class=\"rl-gallery-link\" data-rl_caption=\"\" data-rel=\"lightbox-gallery-5\"><img loading=\"lazy\" decoding=\"async\" width=\"300\" height=\"169\" src=\"http:\/\/www.photofellowship.de\/wp-content\/uploads\/2014\/10\/K\u00f6lner-Rhein-01-ba-300x169.jpg\" class=\"attachment-medium size-medium\" alt=\"\" aria-describedby=\"gallery-5-387\" srcset=\"http:\/\/www.photofellowship.de\/wp-content\/uploads\/2014\/10\/K\u00f6lner-Rhein-01-ba-300x169.jpg 300w, http:\/\/www.photofellowship.de\/wp-content\/uploads\/2014\/10\/K\u00f6lner-Rhein-01-ba-768x432.jpg 768w, http:\/\/www.photofellowship.de\/wp-content\/uploads\/2014\/10\/K\u00f6lner-Rhein-01-ba.jpg 1000w\" sizes=\"auto, (max-width: 300px) 100vw, 300px\" \/><\/a>\n\t\t\t<\/div>\n\t\t\t\t<figcaption class='wp-caption-text gallery-caption' id='gallery-5-387'>\n\t\t\t\tK\u00f6lner Rhein\n\t\t\t\t<\/figcaption><\/figure><figure class='gallery-item'>\n\t\t\t<div class='gallery-icon landscape'>\n\t\t\t\t<a href='http:\/\/www.photofellowship.de\/wp-content\/uploads\/2014\/10\/K\u00fcnstler-unter-sich-01-ba.jpg' title=\"\" data-rl_title=\"\" class=\"rl-gallery-link\" data-rl_caption=\"\" data-rel=\"lightbox-gallery-5\"><img loading=\"lazy\" decoding=\"async\" width=\"300\" height=\"178\" src=\"http:\/\/www.photofellowship.de\/wp-content\/uploads\/2014\/10\/K\u00fcnstler-unter-sich-01-ba-300x178.jpg\" class=\"attachment-medium size-medium\" alt=\"\" aria-describedby=\"gallery-5-388\" srcset=\"http:\/\/www.photofellowship.de\/wp-content\/uploads\/2014\/10\/K\u00fcnstler-unter-sich-01-ba-300x178.jpg 300w, http:\/\/www.photofellowship.de\/wp-content\/uploads\/2014\/10\/K\u00fcnstler-unter-sich-01-ba-768x455.jpg 768w, http:\/\/www.photofellowship.de\/wp-content\/uploads\/2014\/10\/K\u00fcnstler-unter-sich-01-ba.jpg 1000w\" sizes=\"auto, (max-width: 300px) 100vw, 300px\" \/><\/a>\n\t\t\t<\/div>\n\t\t\t\t<figcaption class='wp-caption-text gallery-caption' id='gallery-5-388'>\n\t\t\t\tK\u00fcnstler unter sich\n\t\t\t\t<\/figcaption><\/figure><figure class='gallery-item'>\n\t\t\t<div class='gallery-icon landscape'>\n\t\t\t\t<a href='http:\/\/www.photofellowship.de\/wp-content\/uploads\/2014\/10\/Pfaffenh\u00fctchen-01-ba.jpg' title=\"\" data-rl_title=\"\" class=\"rl-gallery-link\" data-rl_caption=\"\" data-rel=\"lightbox-gallery-5\"><img loading=\"lazy\" decoding=\"async\" width=\"300\" height=\"173\" src=\"http:\/\/www.photofellowship.de\/wp-content\/uploads\/2014\/10\/Pfaffenh\u00fctchen-01-ba-300x173.jpg\" class=\"attachment-medium size-medium\" alt=\"\" aria-describedby=\"gallery-5-389\" srcset=\"http:\/\/www.photofellowship.de\/wp-content\/uploads\/2014\/10\/Pfaffenh\u00fctchen-01-ba-300x173.jpg 300w, http:\/\/www.photofellowship.de\/wp-content\/uploads\/2014\/10\/Pfaffenh\u00fctchen-01-ba-768x444.jpg 768w, http:\/\/www.photofellowship.de\/wp-content\/uploads\/2014\/10\/Pfaffenh\u00fctchen-01-ba.jpg 1000w\" sizes=\"auto, (max-width: 300px) 100vw, 300px\" \/><\/a>\n\t\t\t<\/div>\n\t\t\t\t<figcaption class='wp-caption-text gallery-caption' id='gallery-5-389'>\n\t\t\t\tPfaffenh\u00fctchen\n\t\t\t\t<\/figcaption><\/figure><figure class='gallery-item'>\n\t\t\t<div class='gallery-icon landscape'>\n\t\t\t\t<a href='http:\/\/www.photofellowship.de\/wp-content\/uploads\/2014\/10\/Pilze-01-ba.jpg' title=\"\" data-rl_title=\"\" class=\"rl-gallery-link\" data-rl_caption=\"\" data-rel=\"lightbox-gallery-5\"><img loading=\"lazy\" decoding=\"async\" width=\"300\" height=\"205\" src=\"http:\/\/www.photofellowship.de\/wp-content\/uploads\/2014\/10\/Pilze-01-ba-300x205.jpg\" class=\"attachment-medium size-medium\" alt=\"\" aria-describedby=\"gallery-5-390\" srcset=\"http:\/\/www.photofellowship.de\/wp-content\/uploads\/2014\/10\/Pilze-01-ba-300x205.jpg 300w, http:\/\/www.photofellowship.de\/wp-content\/uploads\/2014\/10\/Pilze-01-ba-768x525.jpg 768w, http:\/\/www.photofellowship.de\/wp-content\/uploads\/2014\/10\/Pilze-01-ba.jpg 1000w\" sizes=\"auto, (max-width: 300px) 100vw, 300px\" \/><\/a>\n\t\t\t<\/div>\n\t\t\t\t<figcaption class='wp-caption-text gallery-caption' id='gallery-5-390'>\n\t\t\t\tPilze\n\t\t\t\t<\/figcaption><\/figure><figure class='gallery-item'>\n\t\t\t<div class='gallery-icon landscape'>\n\t\t\t\t<a href='http:\/\/www.photofellowship.de\/wp-content\/uploads\/2014\/10\/Wespe-klein.jpg' title=\"\" data-rl_title=\"\" class=\"rl-gallery-link\" data-rl_caption=\"\" data-rel=\"lightbox-gallery-5\"><img loading=\"lazy\" decoding=\"async\" width=\"300\" height=\"217\" src=\"http:\/\/www.photofellowship.de\/wp-content\/uploads\/2014\/10\/Wespe-klein-300x217.jpg\" class=\"attachment-medium size-medium\" alt=\"\" aria-describedby=\"gallery-5-391\" srcset=\"http:\/\/www.photofellowship.de\/wp-content\/uploads\/2014\/10\/Wespe-klein-300x217.jpg 300w, http:\/\/www.photofellowship.de\/wp-content\/uploads\/2014\/10\/Wespe-klein-768x554.jpg 768w, http:\/\/www.photofellowship.de\/wp-content\/uploads\/2014\/10\/Wespe-klein.jpg 1000w\" sizes=\"auto, (max-width: 300px) 100vw, 300px\" \/><\/a>\n\t\t\t<\/div>\n\t\t\t\t<figcaption class='wp-caption-text gallery-caption' id='gallery-5-391'>\n\t\t\t\tWespen\n\t\t\t\t<\/figcaption><\/figure><figure class='gallery-item'>\n\t\t\t<div class='gallery-icon landscape'>\n\t\t\t\t<a href='http:\/\/www.photofellowship.de\/wp-content\/uploads\/2021\/01\/Nebel-03.jpg' title=\"\" data-rl_title=\"\" class=\"rl-gallery-link\" data-rl_caption=\"\" data-rel=\"lightbox-gallery-5\"><img loading=\"lazy\" decoding=\"async\" width=\"300\" height=\"225\" src=\"http:\/\/www.photofellowship.de\/wp-content\/uploads\/2021\/01\/Nebel-03-300x225.jpg\" class=\"attachment-medium size-medium\" alt=\"Nebel\" aria-describedby=\"gallery-5-674\" srcset=\"http:\/\/www.photofellowship.de\/wp-content\/uploads\/2021\/01\/Nebel-03-300x225.jpg 300w, http:\/\/www.photofellowship.de\/wp-content\/uploads\/2021\/01\/Nebel-03-1024x768.jpg 1024w, http:\/\/www.photofellowship.de\/wp-content\/uploads\/2021\/01\/Nebel-03-768x576.jpg 768w, http:\/\/www.photofellowship.de\/wp-content\/uploads\/2021\/01\/Nebel-03.jpg 1400w\" sizes=\"auto, (max-width: 300px) 100vw, 300px\" \/><\/a>\n\t\t\t<\/div>\n\t\t\t\t<figcaption class='wp-caption-text gallery-caption' id='gallery-5-674'>\n\t\t\t\tNebel\n\t\t\t\t<\/figcaption><\/figure>\n\t\t<\/div>\n\n<p>Kerstin Sperschneider (RC Kronach)<\/p>\n<div id='gallery-6' class='gallery galleryid-204 gallery-columns-3 gallery-size-medium'><figure class='gallery-item'>\n\t\t\t<div class='gallery-icon landscape'>\n\t\t\t\t<a href='http:\/\/www.photofellowship.de\/wp-content\/uploads\/2021\/02\/P1170025.jpg' title=\"\" data-rl_title=\"\" class=\"rl-gallery-link\" data-rl_caption=\"\" data-rel=\"lightbox-gallery-6\"><img loading=\"lazy\" decoding=\"async\" width=\"300\" height=\"225\" src=\"http:\/\/www.photofellowship.de\/wp-content\/uploads\/2021\/02\/P1170025-300x225.jpg\" class=\"attachment-medium size-medium\" alt=\"\" srcset=\"http:\/\/www.photofellowship.de\/wp-content\/uploads\/2021\/02\/P1170025-300x225.jpg 300w, http:\/\/www.photofellowship.de\/wp-content\/uploads\/2021\/02\/P1170025-1024x768.jpg 1024w, http:\/\/www.photofellowship.de\/wp-content\/uploads\/2021\/02\/P1170025-768x576.jpg 768w, http:\/\/www.photofellowship.de\/wp-content\/uploads\/2021\/02\/P1170025.jpg 1280w\" sizes=\"auto, (max-width: 300px) 100vw, 300px\" \/><\/a>\n\t\t\t<\/div><\/figure><figure class='gallery-item'>\n\t\t\t<div class='gallery-icon landscape'>\n\t\t\t\t<a href='http:\/\/www.photofellowship.de\/wp-content\/uploads\/2021\/02\/P1025716.jpg' title=\"\" data-rl_title=\"\" class=\"rl-gallery-link\" data-rl_caption=\"\" data-rel=\"lightbox-gallery-6\"><img loading=\"lazy\" decoding=\"async\" width=\"300\" height=\"225\" src=\"http:\/\/www.photofellowship.de\/wp-content\/uploads\/2021\/02\/P1025716-300x225.jpg\" class=\"attachment-medium size-medium\" alt=\"\" srcset=\"http:\/\/www.photofellowship.de\/wp-content\/uploads\/2021\/02\/P1025716-300x225.jpg 300w, http:\/\/www.photofellowship.de\/wp-content\/uploads\/2021\/02\/P1025716-1024x768.jpg 1024w, http:\/\/www.photofellowship.de\/wp-content\/uploads\/2021\/02\/P1025716-768x576.jpg 768w, http:\/\/www.photofellowship.de\/wp-content\/uploads\/2021\/02\/P1025716.jpg 1280w\" sizes=\"auto, (max-width: 300px) 100vw, 300px\" \/><\/a>\n\t\t\t<\/div><\/figure><figure class='gallery-item'>\n\t\t\t<div class='gallery-icon landscape'>\n\t\t\t\t<a href='http:\/\/www.photofellowship.de\/wp-content\/uploads\/2021\/02\/P1025708.jpg' title=\"\" data-rl_title=\"\" class=\"rl-gallery-link\" data-rl_caption=\"\" data-rel=\"lightbox-gallery-6\"><img loading=\"lazy\" decoding=\"async\" width=\"300\" height=\"225\" src=\"http:\/\/www.photofellowship.de\/wp-content\/uploads\/2021\/02\/P1025708-300x225.jpg\" class=\"attachment-medium size-medium\" alt=\"\" srcset=\"http:\/\/www.photofellowship.de\/wp-content\/uploads\/2021\/02\/P1025708-300x225.jpg 300w, http:\/\/www.photofellowship.de\/wp-content\/uploads\/2021\/02\/P1025708-1024x768.jpg 1024w, http:\/\/www.photofellowship.de\/wp-content\/uploads\/2021\/02\/P1025708-768x576.jpg 768w, http:\/\/www.photofellowship.de\/wp-content\/uploads\/2021\/02\/P1025708.jpg 1280w\" sizes=\"auto, (max-width: 300px) 100vw, 300px\" \/><\/a>\n\t\t\t<\/div><\/figure><figure class='gallery-item'>\n\t\t\t<div class='gallery-icon landscape'>\n\t\t\t\t<a href='http:\/\/www.photofellowship.de\/wp-content\/uploads\/2021\/02\/P1317610.jpg' title=\"\" data-rl_title=\"\" class=\"rl-gallery-link\" data-rl_caption=\"\" data-rel=\"lightbox-gallery-6\"><img loading=\"lazy\" decoding=\"async\" width=\"300\" height=\"225\" src=\"http:\/\/www.photofellowship.de\/wp-content\/uploads\/2021\/02\/P1317610-300x225.jpg\" class=\"attachment-medium size-medium\" alt=\"\" srcset=\"http:\/\/www.photofellowship.de\/wp-content\/uploads\/2021\/02\/P1317610-300x225.jpg 300w, http:\/\/www.photofellowship.de\/wp-content\/uploads\/2021\/02\/P1317610-1024x768.jpg 1024w, http:\/\/www.photofellowship.de\/wp-content\/uploads\/2021\/02\/P1317610-768x576.jpg 768w, http:\/\/www.photofellowship.de\/wp-content\/uploads\/2021\/02\/P1317610.jpg 1280w\" sizes=\"auto, (max-width: 300px) 100vw, 300px\" \/><\/a>\n\t\t\t<\/div><\/figure><figure class='gallery-item'>\n\t\t\t<div class='gallery-icon landscape'>\n\t\t\t\t<a href='http:\/\/www.photofellowship.de\/wp-content\/uploads\/2021\/02\/P1247398.jpg' title=\"\" data-rl_title=\"\" class=\"rl-gallery-link\" data-rl_caption=\"\" data-rel=\"lightbox-gallery-6\"><img loading=\"lazy\" decoding=\"async\" width=\"300\" height=\"225\" src=\"http:\/\/www.photofellowship.de\/wp-content\/uploads\/2021\/02\/P1247398-300x225.jpg\" class=\"attachment-medium size-medium\" alt=\"\" srcset=\"http:\/\/www.photofellowship.de\/wp-content\/uploads\/2021\/02\/P1247398-300x225.jpg 300w, http:\/\/www.photofellowship.de\/wp-content\/uploads\/2021\/02\/P1247398-1024x768.jpg 1024w, http:\/\/www.photofellowship.de\/wp-content\/uploads\/2021\/02\/P1247398-768x576.jpg 768w, http:\/\/www.photofellowship.de\/wp-content\/uploads\/2021\/02\/P1247398.jpg 1280w\" sizes=\"auto, (max-width: 300px) 100vw, 300px\" \/><\/a>\n\t\t\t<\/div><\/figure><figure class='gallery-item'>\n\t\t\t<div class='gallery-icon landscape'>\n\t\t\t\t<a href='http:\/\/www.photofellowship.de\/wp-content\/uploads\/2021\/02\/P1210028.jpg' title=\"\" data-rl_title=\"\" class=\"rl-gallery-link\" data-rl_caption=\"\" data-rel=\"lightbox-gallery-6\"><img loading=\"lazy\" decoding=\"async\" width=\"300\" height=\"225\" src=\"http:\/\/www.photofellowship.de\/wp-content\/uploads\/2021\/02\/P1210028-300x225.jpg\" class=\"attachment-medium size-medium\" alt=\"\" srcset=\"http:\/\/www.photofellowship.de\/wp-content\/uploads\/2021\/02\/P1210028-300x225.jpg 300w, http:\/\/www.photofellowship.de\/wp-content\/uploads\/2021\/02\/P1210028-1024x768.jpg 1024w, http:\/\/www.photofellowship.de\/wp-content\/uploads\/2021\/02\/P1210028-768x576.jpg 768w, http:\/\/www.photofellowship.de\/wp-content\/uploads\/2021\/02\/P1210028.jpg 1280w\" sizes=\"auto, (max-width: 300px) 100vw, 300px\" \/><\/a>\n\t\t\t<\/div><\/figure><figure class='gallery-item'>\n\t\t\t<div class='gallery-icon landscape'>\n\t\t\t\t<a href='http:\/\/www.photofellowship.de\/wp-content\/uploads\/2014\/10\/sperschneider-kerstin_helgoland-entspannt.jpg' title=\"\" data-rl_title=\"\" class=\"rl-gallery-link\" data-rl_caption=\"\" data-rel=\"lightbox-gallery-6\"><img loading=\"lazy\" decoding=\"async\" width=\"300\" height=\"225\" src=\"http:\/\/www.photofellowship.de\/wp-content\/uploads\/2014\/10\/sperschneider-kerstin_helgoland-entspannt-300x225.jpg\" class=\"attachment-medium size-medium\" alt=\"\" aria-describedby=\"gallery-6-262\" srcset=\"http:\/\/www.photofellowship.de\/wp-content\/uploads\/2014\/10\/sperschneider-kerstin_helgoland-entspannt-300x225.jpg 300w, http:\/\/www.photofellowship.de\/wp-content\/uploads\/2014\/10\/sperschneider-kerstin_helgoland-entspannt-1024x768.jpg 1024w, http:\/\/www.photofellowship.de\/wp-content\/uploads\/2014\/10\/sperschneider-kerstin_helgoland-entspannt.jpg 1400w\" sizes=\"auto, (max-width: 300px) 100vw, 300px\" \/><\/a>\n\t\t\t<\/div>\n\t\t\t\t<figcaption class='wp-caption-text gallery-caption' id='gallery-6-262'>\n\t\t\t\tEntspannt (Helgoland)\n\t\t\t\t<\/figcaption><\/figure><figure class='gallery-item'>\n\t\t\t<div class='gallery-icon landscape'>\n\t\t\t\t<a href='http:\/\/www.photofellowship.de\/wp-content\/uploads\/2014\/10\/sperschneider-kerstin_helgoland-fluglotse.jpg' title=\"\" data-rl_title=\"\" class=\"rl-gallery-link\" data-rl_caption=\"\" data-rel=\"lightbox-gallery-6\"><img loading=\"lazy\" decoding=\"async\" width=\"300\" height=\"225\" src=\"http:\/\/www.photofellowship.de\/wp-content\/uploads\/2014\/10\/sperschneider-kerstin_helgoland-fluglotse-300x225.jpg\" class=\"attachment-medium size-medium\" alt=\"\" aria-describedby=\"gallery-6-263\" srcset=\"http:\/\/www.photofellowship.de\/wp-content\/uploads\/2014\/10\/sperschneider-kerstin_helgoland-fluglotse-300x225.jpg 300w, http:\/\/www.photofellowship.de\/wp-content\/uploads\/2014\/10\/sperschneider-kerstin_helgoland-fluglotse-1024x768.jpg 1024w, http:\/\/www.photofellowship.de\/wp-content\/uploads\/2014\/10\/sperschneider-kerstin_helgoland-fluglotse.jpg 1400w\" sizes=\"auto, (max-width: 300px) 100vw, 300px\" \/><\/a>\n\t\t\t<\/div>\n\t\t\t\t<figcaption class='wp-caption-text gallery-caption' id='gallery-6-263'>\n\t\t\t\tFluglotse (Helgoland)\n\t\t\t\t<\/figcaption><\/figure><figure class='gallery-item'>\n\t\t\t<div class='gallery-icon landscape'>\n\t\t\t\t<a href='http:\/\/www.photofellowship.de\/wp-content\/uploads\/2014\/10\/sperschneider-kerstin_helgoland-verdreht.jpg' title=\"\" data-rl_title=\"\" class=\"rl-gallery-link\" data-rl_caption=\"\" data-rel=\"lightbox-gallery-6\"><img loading=\"lazy\" decoding=\"async\" width=\"300\" height=\"225\" src=\"http:\/\/www.photofellowship.de\/wp-content\/uploads\/2014\/10\/sperschneider-kerstin_helgoland-verdreht-300x225.jpg\" class=\"attachment-medium size-medium\" alt=\"\" aria-describedby=\"gallery-6-264\" srcset=\"http:\/\/www.photofellowship.de\/wp-content\/uploads\/2014\/10\/sperschneider-kerstin_helgoland-verdreht-300x225.jpg 300w, http:\/\/www.photofellowship.de\/wp-content\/uploads\/2014\/10\/sperschneider-kerstin_helgoland-verdreht-1024x768.jpg 1024w, http:\/\/www.photofellowship.de\/wp-content\/uploads\/2014\/10\/sperschneider-kerstin_helgoland-verdreht.jpg 1400w\" sizes=\"auto, (max-width: 300px) 100vw, 300px\" \/><\/a>\n\t\t\t<\/div>\n\t\t\t\t<figcaption class='wp-caption-text gallery-caption' id='gallery-6-264'>\n\t\t\t\tVerdreht (Helgoland)\n\t\t\t\t<\/figcaption><\/figure><figure class='gallery-item'>\n\t\t\t<div class='gallery-icon landscape'>\n\t\t\t\t<a href='http:\/\/www.photofellowship.de\/wp-content\/uploads\/2014\/10\/sperschneider-kerstin_helgoland-verliebt.jpg' title=\"\" data-rl_title=\"\" class=\"rl-gallery-link\" data-rl_caption=\"\" data-rel=\"lightbox-gallery-6\"><img loading=\"lazy\" decoding=\"async\" width=\"300\" height=\"225\" src=\"http:\/\/www.photofellowship.de\/wp-content\/uploads\/2014\/10\/sperschneider-kerstin_helgoland-verliebt-300x225.jpg\" class=\"attachment-medium size-medium\" alt=\"\" aria-describedby=\"gallery-6-265\" srcset=\"http:\/\/www.photofellowship.de\/wp-content\/uploads\/2014\/10\/sperschneider-kerstin_helgoland-verliebt-300x225.jpg 300w, http:\/\/www.photofellowship.de\/wp-content\/uploads\/2014\/10\/sperschneider-kerstin_helgoland-verliebt-1024x768.jpg 1024w, http:\/\/www.photofellowship.de\/wp-content\/uploads\/2014\/10\/sperschneider-kerstin_helgoland-verliebt.jpg 1400w\" sizes=\"auto, (max-width: 300px) 100vw, 300px\" \/><\/a>\n\t\t\t<\/div>\n\t\t\t\t<figcaption class='wp-caption-text gallery-caption' id='gallery-6-265'>\n\t\t\t\tVerliebt (Helgoland)\n\t\t\t\t<\/figcaption><\/figure><figure class='gallery-item'>\n\t\t\t<div class='gallery-icon landscape'>\n\t\t\t\t<a href='http:\/\/www.photofellowship.de\/wp-content\/uploads\/2014\/10\/sperschneider-kerstin_helgoland-vertraeumt.jpg' title=\"\" data-rl_title=\"\" class=\"rl-gallery-link\" data-rl_caption=\"\" data-rel=\"lightbox-gallery-6\"><img loading=\"lazy\" decoding=\"async\" width=\"300\" height=\"225\" src=\"http:\/\/www.photofellowship.de\/wp-content\/uploads\/2014\/10\/sperschneider-kerstin_helgoland-vertraeumt-300x225.jpg\" class=\"attachment-medium size-medium\" alt=\"\" aria-describedby=\"gallery-6-266\" srcset=\"http:\/\/www.photofellowship.de\/wp-content\/uploads\/2014\/10\/sperschneider-kerstin_helgoland-vertraeumt-300x225.jpg 300w, http:\/\/www.photofellowship.de\/wp-content\/uploads\/2014\/10\/sperschneider-kerstin_helgoland-vertraeumt-1024x768.jpg 1024w, http:\/\/www.photofellowship.de\/wp-content\/uploads\/2014\/10\/sperschneider-kerstin_helgoland-vertraeumt.jpg 1400w\" sizes=\"auto, (max-width: 300px) 100vw, 300px\" \/><\/a>\n\t\t\t<\/div>\n\t\t\t\t<figcaption class='wp-caption-text gallery-caption' id='gallery-6-266'>\n\t\t\t\tVertr\u00e4umt (Helgoland)\n\t\t\t\t<\/figcaption><\/figure><figure class='gallery-item'>\n\t\t\t<div class='gallery-icon landscape'>\n\t\t\t\t<a href='http:\/\/www.photofellowship.de\/wp-content\/uploads\/2014\/10\/sperschneider-kerstin_herbstlich.jpg' title=\"\" data-rl_title=\"\" class=\"rl-gallery-link\" data-rl_caption=\"\" data-rel=\"lightbox-gallery-6\"><img loading=\"lazy\" decoding=\"async\" width=\"300\" height=\"225\" src=\"http:\/\/www.photofellowship.de\/wp-content\/uploads\/2014\/10\/sperschneider-kerstin_herbstlich-300x225.jpg\" class=\"attachment-medium size-medium\" alt=\"\" aria-describedby=\"gallery-6-267\" srcset=\"http:\/\/www.photofellowship.de\/wp-content\/uploads\/2014\/10\/sperschneider-kerstin_herbstlich-300x225.jpg 300w, http:\/\/www.photofellowship.de\/wp-content\/uploads\/2014\/10\/sperschneider-kerstin_herbstlich.jpg 640w\" sizes=\"auto, (max-width: 300px) 100vw, 300px\" \/><\/a>\n\t\t\t<\/div>\n\t\t\t\t<figcaption class='wp-caption-text gallery-caption' id='gallery-6-267'>\n\t\t\t\tHerbstlich\n\t\t\t\t<\/figcaption><\/figure><figure class='gallery-item'>\n\t\t\t<div class='gallery-icon portrait'>\n\t\t\t\t<a href='http:\/\/www.photofellowship.de\/wp-content\/uploads\/2014\/10\/sperschneider-kerstin_im-schatten.jpg' title=\"\" data-rl_title=\"\" class=\"rl-gallery-link\" data-rl_caption=\"\" data-rel=\"lightbox-gallery-6\"><img loading=\"lazy\" decoding=\"async\" width=\"225\" height=\"300\" src=\"http:\/\/www.photofellowship.de\/wp-content\/uploads\/2014\/10\/sperschneider-kerstin_im-schatten-225x300.jpg\" class=\"attachment-medium size-medium\" alt=\"\" aria-describedby=\"gallery-6-268\" srcset=\"http:\/\/www.photofellowship.de\/wp-content\/uploads\/2014\/10\/sperschneider-kerstin_im-schatten-225x300.jpg 225w, http:\/\/www.photofellowship.de\/wp-content\/uploads\/2014\/10\/sperschneider-kerstin_im-schatten.jpg 360w\" sizes=\"auto, (max-width: 225px) 100vw, 225px\" \/><\/a>\n\t\t\t<\/div>\n\t\t\t\t<figcaption class='wp-caption-text gallery-caption' id='gallery-6-268'>\n\t\t\t\tIm Schatten\n\t\t\t\t<\/figcaption><\/figure><figure class='gallery-item'>\n\t\t\t<div class='gallery-icon portrait'>\n\t\t\t\t<a href='http:\/\/www.photofellowship.de\/wp-content\/uploads\/2014\/10\/sperschneider-kerstin_pusteblume2.jpg' title=\"\" data-rl_title=\"\" class=\"rl-gallery-link\" data-rl_caption=\"\" data-rel=\"lightbox-gallery-6\"><img loading=\"lazy\" decoding=\"async\" width=\"225\" height=\"300\" src=\"http:\/\/www.photofellowship.de\/wp-content\/uploads\/2014\/10\/sperschneider-kerstin_pusteblume2-225x300.jpg\" class=\"attachment-medium size-medium\" alt=\"\" aria-describedby=\"gallery-6-270\" srcset=\"http:\/\/www.photofellowship.de\/wp-content\/uploads\/2014\/10\/sperschneider-kerstin_pusteblume2-225x300.jpg 225w, http:\/\/www.photofellowship.de\/wp-content\/uploads\/2014\/10\/sperschneider-kerstin_pusteblume2.jpg 360w\" sizes=\"auto, (max-width: 225px) 100vw, 225px\" \/><\/a>\n\t\t\t<\/div>\n\t\t\t\t<figcaption class='wp-caption-text gallery-caption' id='gallery-6-270'>\n\t\t\t\tPusteblume 1\n\t\t\t\t<\/figcaption><\/figure><figure class='gallery-item'>\n\t\t\t<div class='gallery-icon landscape'>\n\t\t\t\t<a href='http:\/\/www.photofellowship.de\/wp-content\/uploads\/2014\/10\/sperschneider-kerstin_pusteblume1.jpg' title=\"\" data-rl_title=\"\" class=\"rl-gallery-link\" data-rl_caption=\"\" data-rel=\"lightbox-gallery-6\"><img loading=\"lazy\" decoding=\"async\" width=\"300\" height=\"225\" src=\"http:\/\/www.photofellowship.de\/wp-content\/uploads\/2014\/10\/sperschneider-kerstin_pusteblume1-300x225.jpg\" class=\"attachment-medium size-medium\" alt=\"\" aria-describedby=\"gallery-6-269\" srcset=\"http:\/\/www.photofellowship.de\/wp-content\/uploads\/2014\/10\/sperschneider-kerstin_pusteblume1-300x225.jpg 300w, http:\/\/www.photofellowship.de\/wp-content\/uploads\/2014\/10\/sperschneider-kerstin_pusteblume1.jpg 640w\" sizes=\"auto, (max-width: 300px) 100vw, 300px\" \/><\/a>\n\t\t\t<\/div>\n\t\t\t\t<figcaption class='wp-caption-text gallery-caption' id='gallery-6-269'>\n\t\t\t\tPusteblume 2\n\t\t\t\t<\/figcaption><\/figure><figure class='gallery-item'>\n\t\t\t<div class='gallery-icon landscape'>\n\t\t\t\t<a href='http:\/\/www.photofellowship.de\/wp-content\/uploads\/2014\/10\/Sperschneider-Winterblume.jpg' title=\"\" data-rl_title=\"\" class=\"rl-gallery-link\" data-rl_caption=\"\" data-rel=\"lightbox-gallery-6\"><img loading=\"lazy\" decoding=\"async\" width=\"300\" height=\"225\" src=\"http:\/\/www.photofellowship.de\/wp-content\/uploads\/2014\/10\/Sperschneider-Winterblume-300x225.jpg\" class=\"attachment-medium size-medium\" alt=\"\" aria-describedby=\"gallery-6-332\" srcset=\"http:\/\/www.photofellowship.de\/wp-content\/uploads\/2014\/10\/Sperschneider-Winterblume-300x225.jpg 300w, http:\/\/www.photofellowship.de\/wp-content\/uploads\/2014\/10\/Sperschneider-Winterblume-768x576.jpg 768w, http:\/\/www.photofellowship.de\/wp-content\/uploads\/2014\/10\/Sperschneider-Winterblume.jpg 1024w\" sizes=\"auto, (max-width: 300px) 100vw, 300px\" \/><\/a>\n\t\t\t<\/div>\n\t\t\t\t<figcaption class='wp-caption-text gallery-caption' id='gallery-6-332'>\n\t\t\t\tWinterblume\n\t\t\t\t<\/figcaption><\/figure><figure class='gallery-item'>\n\t\t\t<div class='gallery-icon landscape'>\n\t\t\t\t<a href='http:\/\/www.photofellowship.de\/wp-content\/uploads\/2014\/10\/sperschneider-kerstin_wassertropfen.jpg' title=\"\" data-rl_title=\"\" class=\"rl-gallery-link\" data-rl_caption=\"\" data-rel=\"lightbox-gallery-6\"><img loading=\"lazy\" decoding=\"async\" width=\"300\" height=\"225\" src=\"http:\/\/www.photofellowship.de\/wp-content\/uploads\/2014\/10\/sperschneider-kerstin_wassertropfen-300x225.jpg\" class=\"attachment-medium size-medium\" alt=\"\" aria-describedby=\"gallery-6-362\" srcset=\"http:\/\/www.photofellowship.de\/wp-content\/uploads\/2014\/10\/sperschneider-kerstin_wassertropfen-300x225.jpg 300w, http:\/\/www.photofellowship.de\/wp-content\/uploads\/2014\/10\/sperschneider-kerstin_wassertropfen-768x576.jpg 768w, http:\/\/www.photofellowship.de\/wp-content\/uploads\/2014\/10\/sperschneider-kerstin_wassertropfen.jpg 1024w\" sizes=\"auto, (max-width: 300px) 100vw, 300px\" \/><\/a>\n\t\t\t<\/div>\n\t\t\t\t<figcaption class='wp-caption-text gallery-caption' id='gallery-6-362'>\n\t\t\t\tWassertropfen\n\t\t\t\t<\/figcaption><\/figure><figure class='gallery-item'>\n\t\t\t<div class='gallery-icon landscape'>\n\t\t\t\t<a href='http:\/\/www.photofellowship.de\/wp-content\/uploads\/2014\/10\/PB241480-1.jpg' title=\"\" data-rl_title=\"\" class=\"rl-gallery-link\" data-rl_caption=\"\" data-rel=\"lightbox-gallery-6\"><img loading=\"lazy\" decoding=\"async\" width=\"300\" height=\"226\" src=\"http:\/\/www.photofellowship.de\/wp-content\/uploads\/2014\/10\/PB241480-1-300x226.jpg\" class=\"attachment-medium size-medium\" alt=\"\" srcset=\"http:\/\/www.photofellowship.de\/wp-content\/uploads\/2014\/10\/PB241480-1-300x226.jpg 300w, http:\/\/www.photofellowship.de\/wp-content\/uploads\/2014\/10\/PB241480-1-768x579.jpg 768w, http:\/\/www.photofellowship.de\/wp-content\/uploads\/2014\/10\/PB241480-1.jpg 1018w\" sizes=\"auto, (max-width: 300px) 100vw, 300px\" \/><\/a>\n\t\t\t<\/div><\/figure><figure class='gallery-item'>\n\t\t\t<div class='gallery-icon landscape'>\n\t\t\t\t<a href='http:\/\/www.photofellowship.de\/wp-content\/uploads\/2014\/10\/PB245834.jpg' title=\"\" data-rl_title=\"\" class=\"rl-gallery-link\" data-rl_caption=\"\" data-rel=\"lightbox-gallery-6\"><img loading=\"lazy\" decoding=\"async\" width=\"300\" height=\"225\" src=\"http:\/\/www.photofellowship.de\/wp-content\/uploads\/2014\/10\/PB245834-300x225.jpg\" class=\"attachment-medium size-medium\" alt=\"\" srcset=\"http:\/\/www.photofellowship.de\/wp-content\/uploads\/2014\/10\/PB245834-300x225.jpg 300w, http:\/\/www.photofellowship.de\/wp-content\/uploads\/2014\/10\/PB245834-768x576.jpg 768w, http:\/\/www.photofellowship.de\/wp-content\/uploads\/2014\/10\/PB245834.jpg 1024w\" sizes=\"auto, (max-width: 300px) 100vw, 300px\" \/><\/a>\n\t\t\t<\/div><\/figure><figure class='gallery-item'>\n\t\t\t<div class='gallery-icon landscape'>\n\t\t\t\t<a href='http:\/\/www.photofellowship.de\/wp-content\/uploads\/2014\/10\/PB245895.jpg' title=\"\" data-rl_title=\"\" class=\"rl-gallery-link\" data-rl_caption=\"\" data-rel=\"lightbox-gallery-6\"><img loading=\"lazy\" decoding=\"async\" width=\"300\" height=\"225\" src=\"http:\/\/www.photofellowship.de\/wp-content\/uploads\/2014\/10\/PB245895-300x225.jpg\" class=\"attachment-medium size-medium\" alt=\"\" srcset=\"http:\/\/www.photofellowship.de\/wp-content\/uploads\/2014\/10\/PB245895-300x225.jpg 300w, http:\/\/www.photofellowship.de\/wp-content\/uploads\/2014\/10\/PB245895-768x576.jpg 768w, http:\/\/www.photofellowship.de\/wp-content\/uploads\/2014\/10\/PB245895.jpg 1024w\" sizes=\"auto, (max-width: 300px) 100vw, 300px\" \/><\/a>\n\t\t\t<\/div><\/figure><figure class='gallery-item'>\n\t\t\t<div class='gallery-icon landscape'>\n\t\t\t\t<a href='http:\/\/www.photofellowship.de\/wp-content\/uploads\/2014\/10\/PB246013-1.jpg' title=\"\" data-rl_title=\"\" class=\"rl-gallery-link\" data-rl_caption=\"\" data-rel=\"lightbox-gallery-6\"><img loading=\"lazy\" decoding=\"async\" width=\"300\" height=\"225\" src=\"http:\/\/www.photofellowship.de\/wp-content\/uploads\/2014\/10\/PB246013-1-300x225.jpg\" class=\"attachment-medium size-medium\" alt=\"\" srcset=\"http:\/\/www.photofellowship.de\/wp-content\/uploads\/2014\/10\/PB246013-1-300x225.jpg 300w, http:\/\/www.photofellowship.de\/wp-content\/uploads\/2014\/10\/PB246013-1-768x576.jpg 768w, http:\/\/www.photofellowship.de\/wp-content\/uploads\/2014\/10\/PB246013-1.jpg 1024w\" sizes=\"auto, (max-width: 300px) 100vw, 300px\" \/><\/a>\n\t\t\t<\/div><\/figure><figure class='gallery-item'>\n\t\t\t<div class='gallery-icon landscape'>\n\t\t\t\t<a href='http:\/\/www.photofellowship.de\/wp-content\/uploads\/2014\/10\/PB251662.jpg' title=\"\" data-rl_title=\"\" class=\"rl-gallery-link\" data-rl_caption=\"\" data-rel=\"lightbox-gallery-6\"><img loading=\"lazy\" decoding=\"async\" width=\"300\" height=\"225\" src=\"http:\/\/www.photofellowship.de\/wp-content\/uploads\/2014\/10\/PB251662-300x225.jpg\" class=\"attachment-medium size-medium\" alt=\"\" srcset=\"http:\/\/www.photofellowship.de\/wp-content\/uploads\/2014\/10\/PB251662-300x225.jpg 300w, http:\/\/www.photofellowship.de\/wp-content\/uploads\/2014\/10\/PB251662-768x576.jpg 768w, http:\/\/www.photofellowship.de\/wp-content\/uploads\/2014\/10\/PB251662.jpg 1024w\" sizes=\"auto, (max-width: 300px) 100vw, 300px\" \/><\/a>\n\t\t\t<\/div><\/figure><figure class='gallery-item'>\n\t\t\t<div class='gallery-icon landscape'>\n\t\t\t\t<a href='http:\/\/www.photofellowship.de\/wp-content\/uploads\/2014\/10\/PB200714-1.jpg' title=\"\" data-rl_title=\"\" class=\"rl-gallery-link\" data-rl_caption=\"\" data-rel=\"lightbox-gallery-6\"><img loading=\"lazy\" decoding=\"async\" width=\"300\" height=\"225\" src=\"http:\/\/www.photofellowship.de\/wp-content\/uploads\/2014\/10\/PB200714-1-300x225.jpg\" class=\"attachment-medium size-medium\" alt=\"\" srcset=\"http:\/\/www.photofellowship.de\/wp-content\/uploads\/2014\/10\/PB200714-1-300x225.jpg 300w, http:\/\/www.photofellowship.de\/wp-content\/uploads\/2014\/10\/PB200714-1-768x576.jpg 768w, http:\/\/www.photofellowship.de\/wp-content\/uploads\/2014\/10\/PB200714-1.jpg 1024w\" sizes=\"auto, (max-width: 300px) 100vw, 300px\" \/><\/a>\n\t\t\t<\/div><\/figure><figure class='gallery-item'>\n\t\t\t<div class='gallery-icon landscape'>\n\t\t\t\t<a href='http:\/\/www.photofellowship.de\/wp-content\/uploads\/2014\/10\/PB204848-1.jpg' title=\"\" data-rl_title=\"\" class=\"rl-gallery-link\" data-rl_caption=\"\" data-rel=\"lightbox-gallery-6\"><img loading=\"lazy\" decoding=\"async\" width=\"300\" height=\"214\" src=\"http:\/\/www.photofellowship.de\/wp-content\/uploads\/2014\/10\/PB204848-1-300x214.jpg\" class=\"attachment-medium size-medium\" alt=\"\" srcset=\"http:\/\/www.photofellowship.de\/wp-content\/uploads\/2014\/10\/PB204848-1-300x214.jpg 300w, http:\/\/www.photofellowship.de\/wp-content\/uploads\/2014\/10\/PB204848-1-768x548.jpg 768w, http:\/\/www.photofellowship.de\/wp-content\/uploads\/2014\/10\/PB204848-1.jpg 1024w\" sizes=\"auto, (max-width: 300px) 100vw, 300px\" \/><\/a>\n\t\t\t<\/div><\/figure><figure class='gallery-item'>\n\t\t\t<div class='gallery-icon landscape'>\n\t\t\t\t<a href='http:\/\/www.photofellowship.de\/wp-content\/uploads\/2021\/01\/Kerstin-Worpswede-2.-Tag-frueh.jpg' title=\"\" data-rl_title=\"\" class=\"rl-gallery-link\" data-rl_caption=\"\" data-rel=\"lightbox-gallery-6\"><img loading=\"lazy\" decoding=\"async\" width=\"300\" height=\"212\" src=\"http:\/\/www.photofellowship.de\/wp-content\/uploads\/2021\/01\/Kerstin-Worpswede-2.-Tag-frueh-300x212.jpg\" class=\"attachment-medium size-medium\" alt=\"Worpswede\" aria-describedby=\"gallery-6-686\" srcset=\"http:\/\/www.photofellowship.de\/wp-content\/uploads\/2021\/01\/Kerstin-Worpswede-2.-Tag-frueh-300x212.jpg 300w, http:\/\/www.photofellowship.de\/wp-content\/uploads\/2021\/01\/Kerstin-Worpswede-2.-Tag-frueh-1024x722.jpg 1024w, http:\/\/www.photofellowship.de\/wp-content\/uploads\/2021\/01\/Kerstin-Worpswede-2.-Tag-frueh-768x542.jpg 768w, http:\/\/www.photofellowship.de\/wp-content\/uploads\/2021\/01\/Kerstin-Worpswede-2.-Tag-frueh.jpg 1280w\" sizes=\"auto, (max-width: 300px) 100vw, 300px\" \/><\/a>\n\t\t\t<\/div>\n\t\t\t\t<figcaption class='wp-caption-text gallery-caption' id='gallery-6-686'>\n\t\t\t\tWorpswede\n\t\t\t\t<\/figcaption><\/figure><figure class='gallery-item'>\n\t\t\t<div class='gallery-icon landscape'>\n\t\t\t\t<a href='http:\/\/www.photofellowship.de\/wp-content\/uploads\/2021\/01\/L1090868.jpg' title=\"\" data-rl_title=\"\" class=\"rl-gallery-link\" data-rl_caption=\"\" data-rel=\"lightbox-gallery-6\"><img loading=\"lazy\" decoding=\"async\" width=\"300\" height=\"200\" src=\"http:\/\/www.photofellowship.de\/wp-content\/uploads\/2021\/01\/L1090868-300x200.jpg\" class=\"attachment-medium size-medium\" alt=\"\" srcset=\"http:\/\/www.photofellowship.de\/wp-content\/uploads\/2021\/01\/L1090868-300x200.jpg 300w, http:\/\/www.photofellowship.de\/wp-content\/uploads\/2021\/01\/L1090868-1024x682.jpg 1024w, http:\/\/www.photofellowship.de\/wp-content\/uploads\/2021\/01\/L1090868-768x512.jpg 768w, http:\/\/www.photofellowship.de\/wp-content\/uploads\/2021\/01\/L1090868.jpg 1280w\" sizes=\"auto, (max-width: 300px) 100vw, 300px\" \/><\/a>\n\t\t\t<\/div><\/figure><figure class='gallery-item'>\n\t\t\t<div class='gallery-icon landscape'>\n\t\t\t\t<a href='http:\/\/www.photofellowship.de\/wp-content\/uploads\/2021\/01\/P5080198.jpg' title=\"\" data-rl_title=\"\" class=\"rl-gallery-link\" data-rl_caption=\"\" data-rel=\"lightbox-gallery-6\"><img loading=\"lazy\" decoding=\"async\" width=\"300\" height=\"225\" src=\"http:\/\/www.photofellowship.de\/wp-content\/uploads\/2021\/01\/P5080198-300x225.jpg\" class=\"attachment-medium size-medium\" alt=\"\" srcset=\"http:\/\/www.photofellowship.de\/wp-content\/uploads\/2021\/01\/P5080198-300x225.jpg 300w, http:\/\/www.photofellowship.de\/wp-content\/uploads\/2021\/01\/P5080198-1024x768.jpg 1024w, http:\/\/www.photofellowship.de\/wp-content\/uploads\/2021\/01\/P5080198-768x576.jpg 768w, http:\/\/www.photofellowship.de\/wp-content\/uploads\/2021\/01\/P5080198.jpg 1280w\" sizes=\"auto, (max-width: 300px) 100vw, 300px\" \/><\/a>\n\t\t\t<\/div><\/figure><figure class='gallery-item'>\n\t\t\t<div class='gallery-icon landscape'>\n\t\t\t\t<a href='http:\/\/www.photofellowship.de\/wp-content\/uploads\/2021\/01\/P9060254.jpg' title=\"\" data-rl_title=\"\" class=\"rl-gallery-link\" data-rl_caption=\"\" data-rel=\"lightbox-gallery-6\"><img loading=\"lazy\" decoding=\"async\" width=\"300\" height=\"225\" src=\"http:\/\/www.photofellowship.de\/wp-content\/uploads\/2021\/01\/P9060254-300x225.jpg\" class=\"attachment-medium size-medium\" alt=\"\" srcset=\"http:\/\/www.photofellowship.de\/wp-content\/uploads\/2021\/01\/P9060254-300x225.jpg 300w, http:\/\/www.photofellowship.de\/wp-content\/uploads\/2021\/01\/P9060254-1024x768.jpg 1024w, http:\/\/www.photofellowship.de\/wp-content\/uploads\/2021\/01\/P9060254-768x576.jpg 768w, http:\/\/www.photofellowship.de\/wp-content\/uploads\/2021\/01\/P9060254.jpg 1280w\" sizes=\"auto, (max-width: 300px) 100vw, 300px\" \/><\/a>\n\t\t\t<\/div><\/figure><figure class='gallery-item'>\n\t\t\t<div class='gallery-icon landscape'>\n\t\t\t\t<a href='http:\/\/www.photofellowship.de\/wp-content\/uploads\/2021\/01\/PA203253.jpg' title=\"\" data-rl_title=\"\" class=\"rl-gallery-link\" data-rl_caption=\"\" data-rel=\"lightbox-gallery-6\"><img loading=\"lazy\" decoding=\"async\" width=\"300\" height=\"225\" src=\"http:\/\/www.photofellowship.de\/wp-content\/uploads\/2021\/01\/PA203253-300x225.jpg\" class=\"attachment-medium size-medium\" alt=\"\" srcset=\"http:\/\/www.photofellowship.de\/wp-content\/uploads\/2021\/01\/PA203253-300x225.jpg 300w, http:\/\/www.photofellowship.de\/wp-content\/uploads\/2021\/01\/PA203253-1024x768.jpg 1024w, http:\/\/www.photofellowship.de\/wp-content\/uploads\/2021\/01\/PA203253-768x576.jpg 768w, http:\/\/www.photofellowship.de\/wp-content\/uploads\/2021\/01\/PA203253.jpg 1280w\" sizes=\"auto, (max-width: 300px) 100vw, 300px\" \/><\/a>\n\t\t\t<\/div><\/figure><figure class='gallery-item'>\n\t\t\t<div class='gallery-icon portrait'>\n\t\t\t\t<a href='http:\/\/www.photofellowship.de\/wp-content\/uploads\/2021\/01\/PA203453.jpg' title=\"\" data-rl_title=\"\" class=\"rl-gallery-link\" data-rl_caption=\"\" data-rel=\"lightbox-gallery-6\"><img loading=\"lazy\" decoding=\"async\" width=\"225\" height=\"300\" src=\"http:\/\/www.photofellowship.de\/wp-content\/uploads\/2021\/01\/PA203453-225x300.jpg\" class=\"attachment-medium size-medium\" alt=\"\" srcset=\"http:\/\/www.photofellowship.de\/wp-content\/uploads\/2021\/01\/PA203453-225x300.jpg 225w, http:\/\/www.photofellowship.de\/wp-content\/uploads\/2021\/01\/PA203453.jpg 768w\" sizes=\"auto, (max-width: 225px) 100vw, 225px\" \/><\/a>\n\t\t\t<\/div><\/figure><figure class='gallery-item'>\n\t\t\t<div class='gallery-icon landscape'>\n\t\t\t\t<a href='http:\/\/www.photofellowship.de\/wp-content\/uploads\/2021\/01\/PA223928.jpg' title=\"\" data-rl_title=\"\" class=\"rl-gallery-link\" data-rl_caption=\"\" data-rel=\"lightbox-gallery-6\"><img loading=\"lazy\" decoding=\"async\" width=\"300\" height=\"225\" src=\"http:\/\/www.photofellowship.de\/wp-content\/uploads\/2021\/01\/PA223928-300x225.jpg\" class=\"attachment-medium size-medium\" alt=\"\" srcset=\"http:\/\/www.photofellowship.de\/wp-content\/uploads\/2021\/01\/PA223928-300x225.jpg 300w, http:\/\/www.photofellowship.de\/wp-content\/uploads\/2021\/01\/PA223928-1024x768.jpg 1024w, http:\/\/www.photofellowship.de\/wp-content\/uploads\/2021\/01\/PA223928-768x576.jpg 768w, http:\/\/www.photofellowship.de\/wp-content\/uploads\/2021\/01\/PA223928.jpg 1280w\" sizes=\"auto, (max-width: 300px) 100vw, 300px\" \/><\/a>\n\t\t\t<\/div><\/figure><figure class='gallery-item'>\n\t\t\t<div class='gallery-icon landscape'>\n\t\t\t\t<a href='http:\/\/www.photofellowship.de\/wp-content\/uploads\/2021\/01\/PB020449.jpg' title=\"\" data-rl_title=\"\" class=\"rl-gallery-link\" data-rl_caption=\"\" data-rel=\"lightbox-gallery-6\"><img loading=\"lazy\" decoding=\"async\" width=\"300\" height=\"225\" src=\"http:\/\/www.photofellowship.de\/wp-content\/uploads\/2021\/01\/PB020449-300x225.jpg\" class=\"attachment-medium size-medium\" alt=\"\" srcset=\"http:\/\/www.photofellowship.de\/wp-content\/uploads\/2021\/01\/PB020449-300x225.jpg 300w, http:\/\/www.photofellowship.de\/wp-content\/uploads\/2021\/01\/PB020449-1024x768.jpg 1024w, http:\/\/www.photofellowship.de\/wp-content\/uploads\/2021\/01\/PB020449-768x576.jpg 768w, http:\/\/www.photofellowship.de\/wp-content\/uploads\/2021\/01\/PB020449.jpg 1280w\" sizes=\"auto, (max-width: 300px) 100vw, 300px\" \/><\/a>\n\t\t\t<\/div><\/figure><figure class='gallery-item'>\n\t\t\t<div class='gallery-icon landscape'>\n\t\t\t\t<a href='http:\/\/www.photofellowship.de\/wp-content\/uploads\/2021\/01\/PB034298.jpg' title=\"\" data-rl_title=\"\" class=\"rl-gallery-link\" data-rl_caption=\"\" data-rel=\"lightbox-gallery-6\"><img loading=\"lazy\" decoding=\"async\" width=\"300\" height=\"225\" src=\"http:\/\/www.photofellowship.de\/wp-content\/uploads\/2021\/01\/PB034298-300x225.jpg\" class=\"attachment-medium size-medium\" alt=\"\" srcset=\"http:\/\/www.photofellowship.de\/wp-content\/uploads\/2021\/01\/PB034298-300x225.jpg 300w, http:\/\/www.photofellowship.de\/wp-content\/uploads\/2021\/01\/PB034298-1024x768.jpg 1024w, http:\/\/www.photofellowship.de\/wp-content\/uploads\/2021\/01\/PB034298-768x576.jpg 768w, http:\/\/www.photofellowship.de\/wp-content\/uploads\/2021\/01\/PB034298.jpg 1280w\" sizes=\"auto, (max-width: 300px) 100vw, 300px\" \/><\/a>\n\t\t\t<\/div><\/figure><figure class='gallery-item'>\n\t\t\t<div class='gallery-icon landscape'>\n\t\t\t\t<a href='http:\/\/www.photofellowship.de\/wp-content\/uploads\/2021\/01\/PB074328.jpg' title=\"\" data-rl_title=\"\" class=\"rl-gallery-link\" data-rl_caption=\"\" data-rel=\"lightbox-gallery-6\"><img loading=\"lazy\" decoding=\"async\" width=\"300\" height=\"225\" src=\"http:\/\/www.photofellowship.de\/wp-content\/uploads\/2021\/01\/PB074328-300x225.jpg\" class=\"attachment-medium size-medium\" alt=\"\" srcset=\"http:\/\/www.photofellowship.de\/wp-content\/uploads\/2021\/01\/PB074328-300x225.jpg 300w, http:\/\/www.photofellowship.de\/wp-content\/uploads\/2021\/01\/PB074328-1024x768.jpg 1024w, http:\/\/www.photofellowship.de\/wp-content\/uploads\/2021\/01\/PB074328-768x576.jpg 768w, http:\/\/www.photofellowship.de\/wp-content\/uploads\/2021\/01\/PB074328.jpg 1280w\" sizes=\"auto, (max-width: 300px) 100vw, 300px\" \/><\/a>\n\t\t\t<\/div><\/figure><figure class='gallery-item'>\n\t\t\t<div class='gallery-icon landscape'>\n\t\t\t\t<a href='http:\/\/www.photofellowship.de\/wp-content\/uploads\/2021\/01\/PB084474.jpg' title=\"\" data-rl_title=\"\" class=\"rl-gallery-link\" data-rl_caption=\"\" data-rel=\"lightbox-gallery-6\"><img loading=\"lazy\" decoding=\"async\" width=\"300\" height=\"225\" src=\"http:\/\/www.photofellowship.de\/wp-content\/uploads\/2021\/01\/PB084474-300x225.jpg\" class=\"attachment-medium size-medium\" alt=\"\" srcset=\"http:\/\/www.photofellowship.de\/wp-content\/uploads\/2021\/01\/PB084474-300x225.jpg 300w, http:\/\/www.photofellowship.de\/wp-content\/uploads\/2021\/01\/PB084474-1024x768.jpg 1024w, http:\/\/www.photofellowship.de\/wp-content\/uploads\/2021\/01\/PB084474-768x576.jpg 768w, http:\/\/www.photofellowship.de\/wp-content\/uploads\/2021\/01\/PB084474.jpg 1280w\" sizes=\"auto, (max-width: 300px) 100vw, 300px\" \/><\/a>\n\t\t\t<\/div><\/figure><figure class='gallery-item'>\n\t\t\t<div class='gallery-icon landscape'>\n\t\t\t\t<a href='http:\/\/www.photofellowship.de\/wp-content\/uploads\/2021\/01\/PB154526.jpg' title=\"\" data-rl_title=\"\" class=\"rl-gallery-link\" data-rl_caption=\"\" data-rel=\"lightbox-gallery-6\"><img loading=\"lazy\" decoding=\"async\" width=\"300\" height=\"225\" src=\"http:\/\/www.photofellowship.de\/wp-content\/uploads\/2021\/01\/PB154526-300x225.jpg\" class=\"attachment-medium size-medium\" alt=\"\" srcset=\"http:\/\/www.photofellowship.de\/wp-content\/uploads\/2021\/01\/PB154526-300x225.jpg 300w, http:\/\/www.photofellowship.de\/wp-content\/uploads\/2021\/01\/PB154526-1024x768.jpg 1024w, http:\/\/www.photofellowship.de\/wp-content\/uploads\/2021\/01\/PB154526-768x576.jpg 768w, http:\/\/www.photofellowship.de\/wp-content\/uploads\/2021\/01\/PB154526.jpg 1280w\" sizes=\"auto, (max-width: 300px) 100vw, 300px\" \/><\/a>\n\t\t\t<\/div><\/figure><figure class='gallery-item'>\n\t\t\t<div class='gallery-icon landscape'>\n\t\t\t\t<a href='http:\/\/www.photofellowship.de\/wp-content\/uploads\/2021\/01\/PB214762.jpg' title=\"\" data-rl_title=\"\" class=\"rl-gallery-link\" data-rl_caption=\"\" data-rel=\"lightbox-gallery-6\"><img loading=\"lazy\" decoding=\"async\" width=\"300\" height=\"225\" src=\"http:\/\/www.photofellowship.de\/wp-content\/uploads\/2021\/01\/PB214762-300x225.jpg\" class=\"attachment-medium size-medium\" alt=\"\" srcset=\"http:\/\/www.photofellowship.de\/wp-content\/uploads\/2021\/01\/PB214762-300x225.jpg 300w, http:\/\/www.photofellowship.de\/wp-content\/uploads\/2021\/01\/PB214762-1024x768.jpg 1024w, http:\/\/www.photofellowship.de\/wp-content\/uploads\/2021\/01\/PB214762-768x576.jpg 768w, http:\/\/www.photofellowship.de\/wp-content\/uploads\/2021\/01\/PB214762.jpg 1280w\" sizes=\"auto, (max-width: 300px) 100vw, 300px\" \/><\/a>\n\t\t\t<\/div><\/figure>\n\t\t<\/div>\n\n<p>Mechthild Straub (RC <span class=\"st\">Kronach<\/span>)<\/p>\n<div id='gallery-7' class='gallery galleryid-204 gallery-columns-3 gallery-size-medium'><figure class='gallery-item'>\n\t\t\t<div class='gallery-icon landscape'>\n\t\t\t\t<a href='http:\/\/www.photofellowship.de\/wp-content\/uploads\/2021\/01\/zxk8ts0r.bmp' title=\"\" data-rl_title=\"\" class=\"rl-gallery-link\" data-rl_caption=\"\" data-rel=\"lightbox-gallery-7\"><img loading=\"lazy\" decoding=\"async\" width=\"300\" height=\"225\" src=\"http:\/\/www.photofellowship.de\/wp-content\/uploads\/2021\/01\/zxk8ts0r-300x225.jpg\" class=\"attachment-medium size-medium\" alt=\"\" aria-describedby=\"gallery-7-705\" srcset=\"http:\/\/www.photofellowship.de\/wp-content\/uploads\/2021\/01\/zxk8ts0r-300x225.jpg 300w, http:\/\/www.photofellowship.de\/wp-content\/uploads\/2021\/01\/zxk8ts0r.bmp 640w\" sizes=\"auto, (max-width: 300px) 100vw, 300px\" \/><\/a>\n\t\t\t<\/div>\n\t\t\t\t<figcaption class='wp-caption-text gallery-caption' id='gallery-7-705'>\n\t\t\t\tFrankenwald\n\t\t\t\t<\/figcaption><\/figure>\n\t\t<\/div>\n\n<p>Dirk Werdermann (RC W\u00fcrzburg-Residenz)<\/p>\n<div id='gallery-8' class='gallery galleryid-204 gallery-columns-3 gallery-size-medium'><figure class='gallery-item'>\n\t\t\t<div class='gallery-icon landscape'>\n\t\t\t\t<a href='http:\/\/www.photofellowship.de\/wp-content\/uploads\/2020\/11\/Das-ewige-Licht-1.jpg' title=\"\" data-rl_title=\"\" class=\"rl-gallery-link\" data-rl_caption=\"\" data-rel=\"lightbox-gallery-8\"><img loading=\"lazy\" decoding=\"async\" width=\"300\" height=\"146\" src=\"http:\/\/www.photofellowship.de\/wp-content\/uploads\/2020\/11\/Das-ewige-Licht-1-300x146.jpg\" class=\"attachment-medium size-medium\" alt=\"\" aria-describedby=\"gallery-8-652\" srcset=\"http:\/\/www.photofellowship.de\/wp-content\/uploads\/2020\/11\/Das-ewige-Licht-1-300x146.jpg 300w, http:\/\/www.photofellowship.de\/wp-content\/uploads\/2020\/11\/Das-ewige-Licht-1-1024x499.jpg 1024w, http:\/\/www.photofellowship.de\/wp-content\/uploads\/2020\/11\/Das-ewige-Licht-1-768x374.jpg 768w, http:\/\/www.photofellowship.de\/wp-content\/uploads\/2020\/11\/Das-ewige-Licht-1-1536x749.jpg 1536w, http:\/\/www.photofellowship.de\/wp-content\/uploads\/2020\/11\/Das-ewige-Licht-1-2048x998.jpg 2048w\" sizes=\"auto, (max-width: 300px) 100vw, 300px\" \/><\/a>\n\t\t\t<\/div>\n\t\t\t\t<figcaption class='wp-caption-text gallery-caption' id='gallery-8-652'>\n\t\t\t\tDas ewige Licht\n\t\t\t\t<\/figcaption><\/figure><figure class='gallery-item'>\n\t\t\t<div class='gallery-icon landscape'>\n\t\t\t\t<a href='http:\/\/www.photofellowship.de\/wp-content\/uploads\/2020\/11\/Wuerzburg-scaled.jpg' title=\"\" data-rl_title=\"\" class=\"rl-gallery-link\" data-rl_caption=\"\" data-rel=\"lightbox-gallery-8\"><img loading=\"lazy\" decoding=\"async\" width=\"300\" height=\"146\" src=\"http:\/\/www.photofellowship.de\/wp-content\/uploads\/2020\/11\/Wuerzburg-300x146.jpg\" class=\"attachment-medium size-medium\" alt=\"\" aria-describedby=\"gallery-8-651\" srcset=\"http:\/\/www.photofellowship.de\/wp-content\/uploads\/2020\/11\/Wuerzburg-300x146.jpg 300w, http:\/\/www.photofellowship.de\/wp-content\/uploads\/2020\/11\/Wuerzburg-1024x497.jpg 1024w, http:\/\/www.photofellowship.de\/wp-content\/uploads\/2020\/11\/Wuerzburg-768x373.jpg 768w, http:\/\/www.photofellowship.de\/wp-content\/uploads\/2020\/11\/Wuerzburg-1536x745.jpg 1536w, http:\/\/www.photofellowship.de\/wp-content\/uploads\/2020\/11\/Wuerzburg-2048x994.jpg 2048w\" sizes=\"auto, (max-width: 300px) 100vw, 300px\" \/><\/a>\n\t\t\t<\/div>\n\t\t\t\t<figcaption class='wp-caption-text gallery-caption' id='gallery-8-651'>\n\t\t\t\tW\u00fcrzburg\n\t\t\t\t<\/figcaption><\/figure><figure class='gallery-item'>\n\t\t\t<div class='gallery-icon landscape'>\n\t\t\t\t<a href='http:\/\/www.photofellowship.de\/wp-content\/uploads\/2020\/11\/Prag-scaled.jpg' title=\"\" data-rl_title=\"\" class=\"rl-gallery-link\" data-rl_caption=\"\" data-rel=\"lightbox-gallery-8\"><img loading=\"lazy\" decoding=\"async\" width=\"300\" height=\"115\" src=\"http:\/\/www.photofellowship.de\/wp-content\/uploads\/2020\/11\/Prag-300x115.jpg\" class=\"attachment-medium size-medium\" alt=\"\" aria-describedby=\"gallery-8-650\" srcset=\"http:\/\/www.photofellowship.de\/wp-content\/uploads\/2020\/11\/Prag-300x115.jpg 300w, http:\/\/www.photofellowship.de\/wp-content\/uploads\/2020\/11\/Prag-1024x392.jpg 1024w, http:\/\/www.photofellowship.de\/wp-content\/uploads\/2020\/11\/Prag-768x294.jpg 768w, http:\/\/www.photofellowship.de\/wp-content\/uploads\/2020\/11\/Prag-1536x587.jpg 1536w, http:\/\/www.photofellowship.de\/wp-content\/uploads\/2020\/11\/Prag-2048x783.jpg 2048w\" sizes=\"auto, (max-width: 300px) 100vw, 300px\" \/><\/a>\n\t\t\t<\/div>\n\t\t\t\t<figcaption class='wp-caption-text gallery-caption' id='gallery-8-650'>\n\t\t\t\tPrag\n\t\t\t\t<\/figcaption><\/figure><figure class='gallery-item'>\n\t\t\t<div class='gallery-icon landscape'>\n\t\t\t\t<a href='http:\/\/www.photofellowship.de\/wp-content\/uploads\/2020\/11\/Island-Joekulsarlon-scaled.jpg' title=\"\" data-rl_title=\"\" class=\"rl-gallery-link\" data-rl_caption=\"\" data-rel=\"lightbox-gallery-8\"><img loading=\"lazy\" decoding=\"async\" width=\"300\" height=\"193\" src=\"http:\/\/www.photofellowship.de\/wp-content\/uploads\/2020\/11\/Island-Joekulsarlon-300x193.jpg\" class=\"attachment-medium size-medium\" alt=\"\" aria-describedby=\"gallery-8-649\" srcset=\"http:\/\/www.photofellowship.de\/wp-content\/uploads\/2020\/11\/Island-Joekulsarlon-300x193.jpg 300w, http:\/\/www.photofellowship.de\/wp-content\/uploads\/2020\/11\/Island-Joekulsarlon-1024x660.jpg 1024w, http:\/\/www.photofellowship.de\/wp-content\/uploads\/2020\/11\/Island-Joekulsarlon-768x495.jpg 768w, http:\/\/www.photofellowship.de\/wp-content\/uploads\/2020\/11\/Island-Joekulsarlon-1536x990.jpg 1536w, http:\/\/www.photofellowship.de\/wp-content\/uploads\/2020\/11\/Island-Joekulsarlon-2048x1320.jpg 2048w\" sizes=\"auto, (max-width: 300px) 100vw, 300px\" \/><\/a>\n\t\t\t<\/div>\n\t\t\t\t<figcaption class='wp-caption-text gallery-caption' id='gallery-8-649'>\n\t\t\t\tIsland J\u00f6kulsarlon\n\t\t\t\t<\/figcaption><\/figure><figure class='gallery-item'>\n\t\t\t<div class='gallery-icon landscape'>\n\t\t\t\t<a href='http:\/\/www.photofellowship.de\/wp-content\/uploads\/2020\/11\/Huebscher-Kerl-scaled.jpg' title=\"\" data-rl_title=\"\" class=\"rl-gallery-link\" data-rl_caption=\"\" data-rel=\"lightbox-gallery-8\"><img loading=\"lazy\" decoding=\"async\" width=\"300\" height=\"178\" src=\"http:\/\/www.photofellowship.de\/wp-content\/uploads\/2020\/11\/Huebscher-Kerl-300x178.jpg\" class=\"attachment-medium size-medium\" alt=\"\" aria-describedby=\"gallery-8-648\" srcset=\"http:\/\/www.photofellowship.de\/wp-content\/uploads\/2020\/11\/Huebscher-Kerl-300x178.jpg 300w, http:\/\/www.photofellowship.de\/wp-content\/uploads\/2020\/11\/Huebscher-Kerl-1024x608.jpg 1024w, http:\/\/www.photofellowship.de\/wp-content\/uploads\/2020\/11\/Huebscher-Kerl-768x456.jpg 768w, http:\/\/www.photofellowship.de\/wp-content\/uploads\/2020\/11\/Huebscher-Kerl-1536x913.jpg 1536w, http:\/\/www.photofellowship.de\/wp-content\/uploads\/2020\/11\/Huebscher-Kerl-2048x1217.jpg 2048w\" sizes=\"auto, (max-width: 300px) 100vw, 300px\" \/><\/a>\n\t\t\t<\/div>\n\t\t\t\t<figcaption class='wp-caption-text gallery-caption' id='gallery-8-648'>\n\t\t\t\tH\u00fcbscher Kerl\n\t\t\t\t<\/figcaption><\/figure><figure class='gallery-item'>\n\t\t\t<div class='gallery-icon landscape'>\n\t\t\t\t<a href='http:\/\/www.photofellowship.de\/wp-content\/uploads\/2020\/11\/Dolomiten-scaled.jpg' title=\"\" data-rl_title=\"\" class=\"rl-gallery-link\" data-rl_caption=\"\" data-rel=\"lightbox-gallery-8\"><img loading=\"lazy\" decoding=\"async\" width=\"300\" height=\"173\" src=\"http:\/\/www.photofellowship.de\/wp-content\/uploads\/2020\/11\/Dolomiten-300x173.jpg\" class=\"attachment-medium size-medium\" alt=\"\" aria-describedby=\"gallery-8-647\" srcset=\"http:\/\/www.photofellowship.de\/wp-content\/uploads\/2020\/11\/Dolomiten-300x173.jpg 300w, http:\/\/www.photofellowship.de\/wp-content\/uploads\/2020\/11\/Dolomiten-1024x592.jpg 1024w, http:\/\/www.photofellowship.de\/wp-content\/uploads\/2020\/11\/Dolomiten-768x444.jpg 768w, http:\/\/www.photofellowship.de\/wp-content\/uploads\/2020\/11\/Dolomiten-1536x888.jpg 1536w, http:\/\/www.photofellowship.de\/wp-content\/uploads\/2020\/11\/Dolomiten-2048x1183.jpg 2048w\" sizes=\"auto, (max-width: 300px) 100vw, 300px\" \/><\/a>\n\t\t\t<\/div>\n\t\t\t\t<figcaption class='wp-caption-text gallery-caption' id='gallery-8-647'>\n\t\t\t\tDolomiten\n\t\t\t\t<\/figcaption><\/figure><figure class='gallery-item'>\n\t\t\t<div class='gallery-icon landscape'>\n\t\t\t\t<a href='http:\/\/www.photofellowship.de\/wp-content\/uploads\/2020\/04\/Libellen-2018-254bx.jpg' title=\"\" data-rl_title=\"\" class=\"rl-gallery-link\" data-rl_caption=\"\" data-rel=\"lightbox-gallery-8\"><img loading=\"lazy\" decoding=\"async\" width=\"300\" height=\"178\" src=\"http:\/\/www.photofellowship.de\/wp-content\/uploads\/2020\/04\/Libellen-2018-254bx-300x178.jpg\" class=\"attachment-medium size-medium\" alt=\"\" aria-describedby=\"gallery-8-630\" srcset=\"http:\/\/www.photofellowship.de\/wp-content\/uploads\/2020\/04\/Libellen-2018-254bx-300x178.jpg 300w, http:\/\/www.photofellowship.de\/wp-content\/uploads\/2020\/04\/Libellen-2018-254bx-1024x607.jpg 1024w, http:\/\/www.photofellowship.de\/wp-content\/uploads\/2020\/04\/Libellen-2018-254bx-768x456.jpg 768w, http:\/\/www.photofellowship.de\/wp-content\/uploads\/2020\/04\/Libellen-2018-254bx-1536x911.jpg 1536w, http:\/\/www.photofellowship.de\/wp-content\/uploads\/2020\/04\/Libellen-2018-254bx.jpg 1858w\" sizes=\"auto, (max-width: 300px) 100vw, 300px\" \/><\/a>\n\t\t\t<\/div>\n\t\t\t\t<figcaption class='wp-caption-text gallery-caption' id='gallery-8-630'>\n\t\t\t\tLibelle im Flug\n\t\t\t\t<\/figcaption><\/figure><figure class='gallery-item'>\n\t\t\t<div class='gallery-icon landscape'>\n\t\t\t\t<a href='http:\/\/www.photofellowship.de\/wp-content\/uploads\/2020\/04\/Libellen-2017-073d.jpg' title=\"\" data-rl_title=\"\" class=\"rl-gallery-link\" data-rl_caption=\"\" data-rel=\"lightbox-gallery-8\"><img loading=\"lazy\" decoding=\"async\" width=\"300\" height=\"213\" src=\"http:\/\/www.photofellowship.de\/wp-content\/uploads\/2020\/04\/Libellen-2017-073d-300x213.jpg\" class=\"attachment-medium size-medium\" alt=\"\" aria-describedby=\"gallery-8-629\" srcset=\"http:\/\/www.photofellowship.de\/wp-content\/uploads\/2020\/04\/Libellen-2017-073d-300x213.jpg 300w, http:\/\/www.photofellowship.de\/wp-content\/uploads\/2020\/04\/Libellen-2017-073d-1024x726.jpg 1024w, http:\/\/www.photofellowship.de\/wp-content\/uploads\/2020\/04\/Libellen-2017-073d-768x544.jpg 768w, http:\/\/www.photofellowship.de\/wp-content\/uploads\/2020\/04\/Libellen-2017-073d.jpg 1469w\" sizes=\"auto, (max-width: 300px) 100vw, 300px\" \/><\/a>\n\t\t\t<\/div>\n\t\t\t\t<figcaption class='wp-caption-text gallery-caption' id='gallery-8-629'>\n\t\t\t\tLibelle im Morgentau\n\t\t\t\t<\/figcaption><\/figure><figure class='gallery-item'>\n\t\t\t<div class='gallery-icon landscape'>\n\t\t\t\t<a href='http:\/\/www.photofellowship.de\/wp-content\/uploads\/2020\/04\/Seifenblasen-2.jpg' title=\"\" data-rl_title=\"\" class=\"rl-gallery-link\" data-rl_caption=\"\" data-rel=\"lightbox-gallery-8\"><img loading=\"lazy\" decoding=\"async\" width=\"300\" height=\"236\" src=\"http:\/\/www.photofellowship.de\/wp-content\/uploads\/2020\/04\/Seifenblasen-2-300x236.jpg\" class=\"attachment-medium size-medium\" alt=\"\" aria-describedby=\"gallery-8-628\" srcset=\"http:\/\/www.photofellowship.de\/wp-content\/uploads\/2020\/04\/Seifenblasen-2-300x236.jpg 300w, http:\/\/www.photofellowship.de\/wp-content\/uploads\/2020\/04\/Seifenblasen-2-1024x807.jpg 1024w, http:\/\/www.photofellowship.de\/wp-content\/uploads\/2020\/04\/Seifenblasen-2-768x605.jpg 768w, http:\/\/www.photofellowship.de\/wp-content\/uploads\/2020\/04\/Seifenblasen-2-1536x1210.jpg 1536w, http:\/\/www.photofellowship.de\/wp-content\/uploads\/2020\/04\/Seifenblasen-2-2048x1613.jpg 2048w\" sizes=\"auto, (max-width: 300px) 100vw, 300px\" \/><\/a>\n\t\t\t<\/div>\n\t\t\t\t<figcaption class='wp-caption-text gallery-caption' id='gallery-8-628'>\n\t\t\t\tSeifenblasen\n\t\t\t\t<\/figcaption><\/figure><figure class='gallery-item'>\n\t\t\t<div class='gallery-icon landscape'>\n\t\t\t\t<a href='http:\/\/www.photofellowship.de\/wp-content\/uploads\/2020\/04\/Seifenblasen-1-scaled.jpg' title=\"\" data-rl_title=\"\" class=\"rl-gallery-link\" data-rl_caption=\"\" data-rel=\"lightbox-gallery-8\"><img loading=\"lazy\" decoding=\"async\" width=\"300\" height=\"158\" src=\"http:\/\/www.photofellowship.de\/wp-content\/uploads\/2020\/04\/Seifenblasen-1-300x158.jpg\" class=\"attachment-medium size-medium\" alt=\"\" aria-describedby=\"gallery-8-627\" srcset=\"http:\/\/www.photofellowship.de\/wp-content\/uploads\/2020\/04\/Seifenblasen-1-300x158.jpg 300w, http:\/\/www.photofellowship.de\/wp-content\/uploads\/2020\/04\/Seifenblasen-1-1024x540.jpg 1024w, http:\/\/www.photofellowship.de\/wp-content\/uploads\/2020\/04\/Seifenblasen-1-768x405.jpg 768w, http:\/\/www.photofellowship.de\/wp-content\/uploads\/2020\/04\/Seifenblasen-1-1536x810.jpg 1536w, http:\/\/www.photofellowship.de\/wp-content\/uploads\/2020\/04\/Seifenblasen-1-2048x1080.jpg 2048w\" sizes=\"auto, (max-width: 300px) 100vw, 300px\" \/><\/a>\n\t\t\t<\/div>\n\t\t\t\t<figcaption class='wp-caption-text gallery-caption' id='gallery-8-627'>\n\t\t\t\tSeifenblasen\n\t\t\t\t<\/figcaption><\/figure><figure class='gallery-item'>\n\t\t\t<div class='gallery-icon landscape'>\n\t\t\t\t<a href='http:\/\/www.photofellowship.de\/wp-content\/uploads\/2021\/01\/gefrorene-Seifenblase.jpg' title=\"\" data-rl_title=\"\" class=\"rl-gallery-link\" data-rl_caption=\"\" data-rel=\"lightbox-gallery-8\"><img loading=\"lazy\" decoding=\"async\" width=\"300\" height=\"170\" src=\"http:\/\/www.photofellowship.de\/wp-content\/uploads\/2021\/01\/gefrorene-Seifenblase-300x170.jpg\" class=\"attachment-medium size-medium\" alt=\"Gefrorene Seifenblase\" aria-describedby=\"gallery-8-677\" srcset=\"http:\/\/www.photofellowship.de\/wp-content\/uploads\/2021\/01\/gefrorene-Seifenblase-300x170.jpg 300w, http:\/\/www.photofellowship.de\/wp-content\/uploads\/2021\/01\/gefrorene-Seifenblase-1024x581.jpg 1024w, http:\/\/www.photofellowship.de\/wp-content\/uploads\/2021\/01\/gefrorene-Seifenblase-768x436.jpg 768w, http:\/\/www.photofellowship.de\/wp-content\/uploads\/2021\/01\/gefrorene-Seifenblase.jpg 1400w\" sizes=\"auto, (max-width: 300px) 100vw, 300px\" \/><\/a>\n\t\t\t<\/div>\n\t\t\t\t<figcaption class='wp-caption-text gallery-caption' id='gallery-8-677'>\n\t\t\t\tGefrorene Seifenblase\n\t\t\t\t<\/figcaption><\/figure><figure class='gallery-item'>\n\t\t\t<div class='gallery-icon landscape'>\n\t\t\t\t<a href='http:\/\/www.photofellowship.de\/wp-content\/uploads\/2021\/01\/Alpenueberquerung.jpg' title=\"\" data-rl_title=\"\" class=\"rl-gallery-link\" data-rl_caption=\"\" data-rel=\"lightbox-gallery-8\"><img loading=\"lazy\" decoding=\"async\" width=\"300\" height=\"200\" src=\"http:\/\/www.photofellowship.de\/wp-content\/uploads\/2021\/01\/Alpenueberquerung-300x200.jpg\" class=\"attachment-medium size-medium\" alt=\"Alpen\u00fcberquerung\" aria-describedby=\"gallery-8-678\" srcset=\"http:\/\/www.photofellowship.de\/wp-content\/uploads\/2021\/01\/Alpenueberquerung-300x200.jpg 300w, http:\/\/www.photofellowship.de\/wp-content\/uploads\/2021\/01\/Alpenueberquerung-1024x682.jpg 1024w, http:\/\/www.photofellowship.de\/wp-content\/uploads\/2021\/01\/Alpenueberquerung-768x512.jpg 768w, http:\/\/www.photofellowship.de\/wp-content\/uploads\/2021\/01\/Alpenueberquerung.jpg 1400w\" sizes=\"auto, (max-width: 300px) 100vw, 300px\" \/><\/a>\n\t\t\t<\/div>\n\t\t\t\t<figcaption class='wp-caption-text gallery-caption' id='gallery-8-678'>\n\t\t\t\tAlpen\u00fcberquerung\n\t\t\t\t<\/figcaption><\/figure><figure class='gallery-item'>\n\t\t\t<div class='gallery-icon landscape'>\n\t\t\t\t<a href='http:\/\/www.photofellowship.de\/wp-content\/uploads\/2025\/08\/Werdermann_Schmetterlingsalien.jpg' title=\"\" data-rl_title=\"\" class=\"rl-gallery-link\" data-rl_caption=\"\" data-rel=\"lightbox-gallery-8\"><img loading=\"lazy\" decoding=\"async\" width=\"300\" height=\"284\" src=\"http:\/\/www.photofellowship.de\/wp-content\/uploads\/2025\/08\/Werdermann_Schmetterlingsalien-300x284.jpg\" class=\"attachment-medium size-medium\" alt=\"Schmetterlingsalien\" aria-describedby=\"gallery-8-859\" srcset=\"http:\/\/www.photofellowship.de\/wp-content\/uploads\/2025\/08\/Werdermann_Schmetterlingsalien-300x284.jpg 300w, http:\/\/www.photofellowship.de\/wp-content\/uploads\/2025\/08\/Werdermann_Schmetterlingsalien-1024x969.jpg 1024w, http:\/\/www.photofellowship.de\/wp-content\/uploads\/2025\/08\/Werdermann_Schmetterlingsalien-768x726.jpg 768w, http:\/\/www.photofellowship.de\/wp-content\/uploads\/2025\/08\/Werdermann_Schmetterlingsalien-1536x1453.jpg 1536w, http:\/\/www.photofellowship.de\/wp-content\/uploads\/2025\/08\/Werdermann_Schmetterlingsalien.jpg 1550w\" sizes=\"auto, (max-width: 300px) 100vw, 300px\" \/><\/a>\n\t\t\t<\/div>\n\t\t\t\t<figcaption class='wp-caption-text gallery-caption' id='gallery-8-859'>\n\t\t\t\tSchmetterlingsalien\n\t\t\t\t<\/figcaption><\/figure><figure class='gallery-item'>\n\t\t\t<div class='gallery-icon landscape'>\n\t\t\t\t<a href='http:\/\/www.photofellowship.de\/wp-content\/uploads\/2025\/08\/Werdermann_Schwebfliege.jpg' title=\"\" data-rl_title=\"\" class=\"rl-gallery-link\" data-rl_caption=\"\" data-rel=\"lightbox-gallery-8\"><img loading=\"lazy\" decoding=\"async\" width=\"300\" height=\"225\" src=\"http:\/\/www.photofellowship.de\/wp-content\/uploads\/2025\/08\/Werdermann_Schwebfliege-300x225.jpg\" class=\"attachment-medium size-medium\" alt=\"Schwebfliege\" aria-describedby=\"gallery-8-860\" srcset=\"http:\/\/www.photofellowship.de\/wp-content\/uploads\/2025\/08\/Werdermann_Schwebfliege-300x225.jpg 300w, http:\/\/www.photofellowship.de\/wp-content\/uploads\/2025\/08\/Werdermann_Schwebfliege-1024x766.jpg 1024w, http:\/\/www.photofellowship.de\/wp-content\/uploads\/2025\/08\/Werdermann_Schwebfliege-768x575.jpg 768w, http:\/\/www.photofellowship.de\/wp-content\/uploads\/2025\/08\/Werdermann_Schwebfliege.jpg 1169w\" sizes=\"auto, (max-width: 300px) 100vw, 300px\" \/><\/a>\n\t\t\t<\/div>\n\t\t\t\t<figcaption class='wp-caption-text gallery-caption' id='gallery-8-860'>\n\t\t\t\tSchwebfliege\n\t\t\t\t<\/figcaption><\/figure><figure class='gallery-item'>\n\t\t\t<div class='gallery-icon landscape'>\n\t\t\t\t<a href='http:\/\/www.photofellowship.de\/wp-content\/uploads\/2025\/08\/Werdermann_Skagen-scaled.jpg' title=\"\" data-rl_title=\"\" class=\"rl-gallery-link\" data-rl_caption=\"\" data-rel=\"lightbox-gallery-8\"><img loading=\"lazy\" decoding=\"async\" width=\"300\" height=\"175\" src=\"http:\/\/www.photofellowship.de\/wp-content\/uploads\/2025\/08\/Werdermann_Skagen-300x175.jpg\" class=\"attachment-medium size-medium\" alt=\"Skagen\" aria-describedby=\"gallery-8-861\" srcset=\"http:\/\/www.photofellowship.de\/wp-content\/uploads\/2025\/08\/Werdermann_Skagen-300x175.jpg 300w, http:\/\/www.photofellowship.de\/wp-content\/uploads\/2025\/08\/Werdermann_Skagen-1024x599.jpg 1024w, http:\/\/www.photofellowship.de\/wp-content\/uploads\/2025\/08\/Werdermann_Skagen-768x449.jpg 768w, http:\/\/www.photofellowship.de\/wp-content\/uploads\/2025\/08\/Werdermann_Skagen-1536x898.jpg 1536w, http:\/\/www.photofellowship.de\/wp-content\/uploads\/2025\/08\/Werdermann_Skagen-2048x1197.jpg 2048w\" sizes=\"auto, (max-width: 300px) 100vw, 300px\" \/><\/a>\n\t\t\t<\/div>\n\t\t\t\t<figcaption class='wp-caption-text gallery-caption' id='gallery-8-861'>\n\t\t\t\tSkagen\n\t\t\t\t<\/figcaption><\/figure><figure class='gallery-item'>\n\t\t\t<div class='gallery-icon landscape'>\n\t\t\t\t<a href='http:\/\/www.photofellowship.de\/wp-content\/uploads\/2025\/08\/Werdermann_Teufelsbruecke-Kromlau-scaled.jpg' title=\"\" data-rl_title=\"\" class=\"rl-gallery-link\" data-rl_caption=\"\" data-rel=\"lightbox-gallery-8\"><img loading=\"lazy\" decoding=\"async\" width=\"300\" height=\"226\" src=\"http:\/\/www.photofellowship.de\/wp-content\/uploads\/2025\/08\/Werdermann_Teufelsbruecke-Kromlau-300x226.jpg\" class=\"attachment-medium size-medium\" alt=\"Teufelsbr\u00fccke Kromlau\" aria-describedby=\"gallery-8-862\" srcset=\"http:\/\/www.photofellowship.de\/wp-content\/uploads\/2025\/08\/Werdermann_Teufelsbruecke-Kromlau-300x226.jpg 300w, http:\/\/www.photofellowship.de\/wp-content\/uploads\/2025\/08\/Werdermann_Teufelsbruecke-Kromlau-1024x772.jpg 1024w, http:\/\/www.photofellowship.de\/wp-content\/uploads\/2025\/08\/Werdermann_Teufelsbruecke-Kromlau-768x579.jpg 768w, http:\/\/www.photofellowship.de\/wp-content\/uploads\/2025\/08\/Werdermann_Teufelsbruecke-Kromlau-1536x1158.jpg 1536w, http:\/\/www.photofellowship.de\/wp-content\/uploads\/2025\/08\/Werdermann_Teufelsbruecke-Kromlau-2048x1543.jpg 2048w\" sizes=\"auto, (max-width: 300px) 100vw, 300px\" \/><\/a>\n\t\t\t<\/div>\n\t\t\t\t<figcaption class='wp-caption-text gallery-caption' id='gallery-8-862'>\n\t\t\t\tTeufelsbr\u00fccke Kromlau\n\t\t\t\t<\/figcaption><\/figure><figure class='gallery-item'>\n\t\t\t<div class='gallery-icon landscape'>\n\t\t\t\t<a href='http:\/\/www.photofellowship.de\/wp-content\/uploads\/2025\/08\/Werdermann_Weinfranken-im-Herbst-scaled.jpg' title=\"\" data-rl_title=\"\" class=\"rl-gallery-link\" data-rl_caption=\"\" data-rel=\"lightbox-gallery-8\"><img loading=\"lazy\" decoding=\"async\" width=\"300\" height=\"193\" src=\"http:\/\/www.photofellowship.de\/wp-content\/uploads\/2025\/08\/Werdermann_Weinfranken-im-Herbst-300x193.jpg\" class=\"attachment-medium size-medium\" alt=\"Weinfranken im Herbst\" aria-describedby=\"gallery-8-863\" srcset=\"http:\/\/www.photofellowship.de\/wp-content\/uploads\/2025\/08\/Werdermann_Weinfranken-im-Herbst-300x193.jpg 300w, http:\/\/www.photofellowship.de\/wp-content\/uploads\/2025\/08\/Werdermann_Weinfranken-im-Herbst-1024x659.jpg 1024w, http:\/\/www.photofellowship.de\/wp-content\/uploads\/2025\/08\/Werdermann_Weinfranken-im-Herbst-768x494.jpg 768w, http:\/\/www.photofellowship.de\/wp-content\/uploads\/2025\/08\/Werdermann_Weinfranken-im-Herbst-1536x989.jpg 1536w, http:\/\/www.photofellowship.de\/wp-content\/uploads\/2025\/08\/Werdermann_Weinfranken-im-Herbst-2048x1318.jpg 2048w\" sizes=\"auto, (max-width: 300px) 100vw, 300px\" \/><\/a>\n\t\t\t<\/div>\n\t\t\t\t<figcaption class='wp-caption-text gallery-caption' id='gallery-8-863'>\n\t\t\t\tWeinfranken im Herbst\n\t\t\t\t<\/figcaption><\/figure><figure class='gallery-item'>\n\t\t\t<div class='gallery-icon landscape'>\n\t\t\t\t<a href='http:\/\/www.photofellowship.de\/wp-content\/uploads\/2025\/08\/Werdermann_Wuerzburg-2-scaled.jpg' title=\"\" data-rl_title=\"\" class=\"rl-gallery-link\" data-rl_caption=\"\" data-rel=\"lightbox-gallery-8\"><img loading=\"lazy\" decoding=\"async\" width=\"300\" height=\"169\" src=\"http:\/\/www.photofellowship.de\/wp-content\/uploads\/2025\/08\/Werdermann_Wuerzburg-2-300x169.jpg\" class=\"attachment-medium size-medium\" alt=\"W\u00fcrzburg 2\" aria-describedby=\"gallery-8-864\" srcset=\"http:\/\/www.photofellowship.de\/wp-content\/uploads\/2025\/08\/Werdermann_Wuerzburg-2-300x169.jpg 300w, http:\/\/www.photofellowship.de\/wp-content\/uploads\/2025\/08\/Werdermann_Wuerzburg-2-1024x576.jpg 1024w, http:\/\/www.photofellowship.de\/wp-content\/uploads\/2025\/08\/Werdermann_Wuerzburg-2-768x432.jpg 768w, http:\/\/www.photofellowship.de\/wp-content\/uploads\/2025\/08\/Werdermann_Wuerzburg-2-1536x864.jpg 1536w, http:\/\/www.photofellowship.de\/wp-content\/uploads\/2025\/08\/Werdermann_Wuerzburg-2-2048x1152.jpg 2048w\" sizes=\"auto, (max-width: 300px) 100vw, 300px\" \/><\/a>\n\t\t\t<\/div>\n\t\t\t\t<figcaption class='wp-caption-text gallery-caption' id='gallery-8-864'>\n\t\t\t\tW\u00fcrzburg 2\n\t\t\t\t<\/figcaption><\/figure><figure class='gallery-item'>\n\t\t\t<div class='gallery-icon landscape'>\n\t\t\t\t<a href='http:\/\/www.photofellowship.de\/wp-content\/uploads\/2025\/08\/VWerdermann_eitshoechheim-scaled.jpg' title=\"\" data-rl_title=\"\" class=\"rl-gallery-link\" data-rl_caption=\"\" data-rel=\"lightbox-gallery-8\"><img loading=\"lazy\" decoding=\"async\" width=\"300\" height=\"158\" src=\"http:\/\/www.photofellowship.de\/wp-content\/uploads\/2025\/08\/VWerdermann_eitshoechheim-300x158.jpg\" class=\"attachment-medium size-medium\" alt=\"Veitsh\u00f6chheim\" aria-describedby=\"gallery-8-865\" srcset=\"http:\/\/www.photofellowship.de\/wp-content\/uploads\/2025\/08\/VWerdermann_eitshoechheim-300x158.jpg 300w, http:\/\/www.photofellowship.de\/wp-content\/uploads\/2025\/08\/VWerdermann_eitshoechheim-1024x538.jpg 1024w, http:\/\/www.photofellowship.de\/wp-content\/uploads\/2025\/08\/VWerdermann_eitshoechheim-768x404.jpg 768w, http:\/\/www.photofellowship.de\/wp-content\/uploads\/2025\/08\/VWerdermann_eitshoechheim-1536x808.jpg 1536w, http:\/\/www.photofellowship.de\/wp-content\/uploads\/2025\/08\/VWerdermann_eitshoechheim-2048x1077.jpg 2048w\" sizes=\"auto, (max-width: 300px) 100vw, 300px\" \/><\/a>\n\t\t\t<\/div>\n\t\t\t\t<figcaption class='wp-caption-text gallery-caption' id='gallery-8-865'>\n\t\t\t\tVeitsh\u00f6chheim\n\t\t\t\t<\/figcaption><\/figure><figure class='gallery-item'>\n\t\t\t<div class='gallery-icon landscape'>\n\t\t\t\t<a href='http:\/\/www.photofellowship.de\/wp-content\/uploads\/2025\/08\/Werdermann_-scaled.jpg' title=\"\" data-rl_title=\"\" class=\"rl-gallery-link\" data-rl_caption=\"\" data-rel=\"lightbox-gallery-8\"><img loading=\"lazy\" decoding=\"async\" width=\"300\" height=\"169\" src=\"http:\/\/www.photofellowship.de\/wp-content\/uploads\/2025\/08\/Werdermann_-300x169.jpg\" class=\"attachment-medium size-medium\" alt=\"W\u00fcrzburg\" aria-describedby=\"gallery-8-866\" srcset=\"http:\/\/www.photofellowship.de\/wp-content\/uploads\/2025\/08\/Werdermann_-300x169.jpg 300w, http:\/\/www.photofellowship.de\/wp-content\/uploads\/2025\/08\/Werdermann_-1024x576.jpg 1024w, http:\/\/www.photofellowship.de\/wp-content\/uploads\/2025\/08\/Werdermann_-768x432.jpg 768w, http:\/\/www.photofellowship.de\/wp-content\/uploads\/2025\/08\/Werdermann_-1536x864.jpg 1536w, http:\/\/www.photofellowship.de\/wp-content\/uploads\/2025\/08\/Werdermann_-2048x1152.jpg 2048w\" sizes=\"auto, (max-width: 300px) 100vw, 300px\" \/><\/a>\n\t\t\t<\/div>\n\t\t\t\t<figcaption class='wp-caption-text gallery-caption' id='gallery-8-866'>\n\t\t\t\tW\u00fcrzburg\n\t\t\t\t<\/figcaption><\/figure><figure class='gallery-item'>\n\t\t\t<div class='gallery-icon landscape'>\n\t\t\t\t<a href='http:\/\/www.photofellowship.de\/wp-content\/uploads\/2025\/08\/Werdermann_Bluete-scaled.jpg' title=\"\" data-rl_title=\"\" class=\"rl-gallery-link\" data-rl_caption=\"\" data-rel=\"lightbox-gallery-8\"><img loading=\"lazy\" decoding=\"async\" width=\"300\" height=\"154\" src=\"http:\/\/www.photofellowship.de\/wp-content\/uploads\/2025\/08\/Werdermann_Bluete-300x154.jpg\" class=\"attachment-medium size-medium\" alt=\"Bl\u00fcte\" aria-describedby=\"gallery-8-867\" srcset=\"http:\/\/www.photofellowship.de\/wp-content\/uploads\/2025\/08\/Werdermann_Bluete-300x154.jpg 300w, http:\/\/www.photofellowship.de\/wp-content\/uploads\/2025\/08\/Werdermann_Bluete-1024x524.jpg 1024w, http:\/\/www.photofellowship.de\/wp-content\/uploads\/2025\/08\/Werdermann_Bluete-768x393.jpg 768w, http:\/\/www.photofellowship.de\/wp-content\/uploads\/2025\/08\/Werdermann_Bluete-1536x787.jpg 1536w, http:\/\/www.photofellowship.de\/wp-content\/uploads\/2025\/08\/Werdermann_Bluete-2048x1049.jpg 2048w\" sizes=\"auto, (max-width: 300px) 100vw, 300px\" \/><\/a>\n\t\t\t<\/div>\n\t\t\t\t<figcaption class='wp-caption-text gallery-caption' id='gallery-8-867'>\n\t\t\t\tBl\u00fcte\n\t\t\t\t<\/figcaption><\/figure><figure class='gallery-item'>\n\t\t\t<div class='gallery-icon landscape'>\n\t\t\t\t<a href='http:\/\/www.photofellowship.de\/wp-content\/uploads\/2025\/08\/Werdermann_Edles-Gewaechs-scaled.jpg' title=\"\" data-rl_title=\"\" class=\"rl-gallery-link\" data-rl_caption=\"\" data-rel=\"lightbox-gallery-8\"><img loading=\"lazy\" decoding=\"async\" width=\"300\" height=\"270\" src=\"http:\/\/www.photofellowship.de\/wp-content\/uploads\/2025\/08\/Werdermann_Edles-Gewaechs-300x270.jpg\" class=\"attachment-medium size-medium\" alt=\"Edles Gew\u00e4chs\" aria-describedby=\"gallery-8-868\" srcset=\"http:\/\/www.photofellowship.de\/wp-content\/uploads\/2025\/08\/Werdermann_Edles-Gewaechs-300x270.jpg 300w, http:\/\/www.photofellowship.de\/wp-content\/uploads\/2025\/08\/Werdermann_Edles-Gewaechs-1024x920.jpg 1024w, http:\/\/www.photofellowship.de\/wp-content\/uploads\/2025\/08\/Werdermann_Edles-Gewaechs-768x690.jpg 768w, http:\/\/www.photofellowship.de\/wp-content\/uploads\/2025\/08\/Werdermann_Edles-Gewaechs-1536x1381.jpg 1536w, http:\/\/www.photofellowship.de\/wp-content\/uploads\/2025\/08\/Werdermann_Edles-Gewaechs-2048x1841.jpg 2048w\" sizes=\"auto, (max-width: 300px) 100vw, 300px\" \/><\/a>\n\t\t\t<\/div>\n\t\t\t\t<figcaption class='wp-caption-text gallery-caption' id='gallery-8-868'>\n\t\t\t\tEdles Gew\u00e4chs\n\t\t\t\t<\/figcaption><\/figure><figure class='gallery-item'>\n\t\t\t<div class='gallery-icon landscape'>\n\t\t\t\t<a href='http:\/\/www.photofellowship.de\/wp-content\/uploads\/2025\/08\/Werdermann_Einst-und-Jetzt-scaled.jpg' title=\"\" data-rl_title=\"\" class=\"rl-gallery-link\" data-rl_caption=\"\" data-rel=\"lightbox-gallery-8\"><img loading=\"lazy\" decoding=\"async\" width=\"300\" height=\"180\" src=\"http:\/\/www.photofellowship.de\/wp-content\/uploads\/2025\/08\/Werdermann_Einst-und-Jetzt-300x180.jpg\" class=\"attachment-medium size-medium\" alt=\"Einst und Jetzt\" aria-describedby=\"gallery-8-869\" srcset=\"http:\/\/www.photofellowship.de\/wp-content\/uploads\/2025\/08\/Werdermann_Einst-und-Jetzt-300x180.jpg 300w, http:\/\/www.photofellowship.de\/wp-content\/uploads\/2025\/08\/Werdermann_Einst-und-Jetzt-1024x614.jpg 1024w, http:\/\/www.photofellowship.de\/wp-content\/uploads\/2025\/08\/Werdermann_Einst-und-Jetzt-768x461.jpg 768w, http:\/\/www.photofellowship.de\/wp-content\/uploads\/2025\/08\/Werdermann_Einst-und-Jetzt-1536x922.jpg 1536w, http:\/\/www.photofellowship.de\/wp-content\/uploads\/2025\/08\/Werdermann_Einst-und-Jetzt-2048x1229.jpg 2048w\" sizes=\"auto, (max-width: 300px) 100vw, 300px\" \/><\/a>\n\t\t\t<\/div>\n\t\t\t\t<figcaption class='wp-caption-text gallery-caption' id='gallery-8-869'>\n\t\t\t\tEinst und Jetzt\n\t\t\t\t<\/figcaption><\/figure><figure class='gallery-item'>\n\t\t\t<div class='gallery-icon landscape'>\n\t\t\t\t<a href='http:\/\/www.photofellowship.de\/wp-content\/uploads\/2025\/08\/Werdermann_Elektrizitaet.jpg' title=\"\" data-rl_title=\"\" class=\"rl-gallery-link\" data-rl_caption=\"\" data-rel=\"lightbox-gallery-8\"><img loading=\"lazy\" decoding=\"async\" width=\"300\" height=\"275\" src=\"http:\/\/www.photofellowship.de\/wp-content\/uploads\/2025\/08\/Werdermann_Elektrizitaet-300x275.jpg\" class=\"attachment-medium size-medium\" alt=\"Elektrizit\u00e4t\" aria-describedby=\"gallery-8-870\" srcset=\"http:\/\/www.photofellowship.de\/wp-content\/uploads\/2025\/08\/Werdermann_Elektrizitaet-300x275.jpg 300w, http:\/\/www.photofellowship.de\/wp-content\/uploads\/2025\/08\/Werdermann_Elektrizitaet-1024x940.jpg 1024w, http:\/\/www.photofellowship.de\/wp-content\/uploads\/2025\/08\/Werdermann_Elektrizitaet-768x705.jpg 768w, http:\/\/www.photofellowship.de\/wp-content\/uploads\/2025\/08\/Werdermann_Elektrizitaet-1536x1410.jpg 1536w, http:\/\/www.photofellowship.de\/wp-content\/uploads\/2025\/08\/Werdermann_Elektrizitaet-2048x1881.jpg 2048w\" sizes=\"auto, (max-width: 300px) 100vw, 300px\" \/><\/a>\n\t\t\t<\/div>\n\t\t\t\t<figcaption class='wp-caption-text gallery-caption' id='gallery-8-870'>\n\t\t\t\tElektrizit\u00e4t\n\t\t\t\t<\/figcaption><\/figure><figure class='gallery-item'>\n\t\t\t<div class='gallery-icon landscape'>\n\t\t\t\t<a href='http:\/\/www.photofellowship.de\/wp-content\/uploads\/2025\/08\/Werdermann_Festung-Wuerzburg-scaled.jpg' title=\"\" data-rl_title=\"\" class=\"rl-gallery-link\" data-rl_caption=\"\" data-rel=\"lightbox-gallery-8\"><img loading=\"lazy\" decoding=\"async\" width=\"300\" height=\"200\" src=\"http:\/\/www.photofellowship.de\/wp-content\/uploads\/2025\/08\/Werdermann_Festung-Wuerzburg-300x200.jpg\" class=\"attachment-medium size-medium\" alt=\"Festung W\u00fcrzburg\" aria-describedby=\"gallery-8-871\" srcset=\"http:\/\/www.photofellowship.de\/wp-content\/uploads\/2025\/08\/Werdermann_Festung-Wuerzburg-300x200.jpg 300w, http:\/\/www.photofellowship.de\/wp-content\/uploads\/2025\/08\/Werdermann_Festung-Wuerzburg-1024x683.jpg 1024w, http:\/\/www.photofellowship.de\/wp-content\/uploads\/2025\/08\/Werdermann_Festung-Wuerzburg-768x512.jpg 768w, http:\/\/www.photofellowship.de\/wp-content\/uploads\/2025\/08\/Werdermann_Festung-Wuerzburg-1536x1024.jpg 1536w, http:\/\/www.photofellowship.de\/wp-content\/uploads\/2025\/08\/Werdermann_Festung-Wuerzburg-2048x1365.jpg 2048w\" sizes=\"auto, (max-width: 300px) 100vw, 300px\" \/><\/a>\n\t\t\t<\/div>\n\t\t\t\t<figcaption class='wp-caption-text gallery-caption' id='gallery-8-871'>\n\t\t\t\tFestung W\u00fcrzburg\n\t\t\t\t<\/figcaption><\/figure><figure class='gallery-item'>\n\t\t\t<div class='gallery-icon landscape'>\n\t\t\t\t<a href='http:\/\/www.photofellowship.de\/wp-content\/uploads\/2025\/08\/Werdermann_Kaeppele-Wuerzburg-scaled.jpg' title=\"\" data-rl_title=\"\" class=\"rl-gallery-link\" data-rl_caption=\"\" data-rel=\"lightbox-gallery-8\"><img loading=\"lazy\" decoding=\"async\" width=\"300\" height=\"200\" src=\"http:\/\/www.photofellowship.de\/wp-content\/uploads\/2025\/08\/Werdermann_Kaeppele-Wuerzburg-300x200.jpg\" class=\"attachment-medium size-medium\" alt=\"K\u00e4ppele W\u00fcrzburg\" aria-describedby=\"gallery-8-872\" srcset=\"http:\/\/www.photofellowship.de\/wp-content\/uploads\/2025\/08\/Werdermann_Kaeppele-Wuerzburg-300x200.jpg 300w, http:\/\/www.photofellowship.de\/wp-content\/uploads\/2025\/08\/Werdermann_Kaeppele-Wuerzburg-1024x683.jpg 1024w, http:\/\/www.photofellowship.de\/wp-content\/uploads\/2025\/08\/Werdermann_Kaeppele-Wuerzburg-768x512.jpg 768w, http:\/\/www.photofellowship.de\/wp-content\/uploads\/2025\/08\/Werdermann_Kaeppele-Wuerzburg-1536x1024.jpg 1536w, http:\/\/www.photofellowship.de\/wp-content\/uploads\/2025\/08\/Werdermann_Kaeppele-Wuerzburg-2048x1365.jpg 2048w\" sizes=\"auto, (max-width: 300px) 100vw, 300px\" \/><\/a>\n\t\t\t<\/div>\n\t\t\t\t<figcaption class='wp-caption-text gallery-caption' id='gallery-8-872'>\n\t\t\t\tK\u00e4ppele W\u00fcrzburg\n\t\t\t\t<\/figcaption><\/figure><figure class='gallery-item'>\n\t\t\t<div class='gallery-icon landscape'>\n\t\t\t\t<a href='http:\/\/www.photofellowship.de\/wp-content\/uploads\/2025\/08\/Werdermann_Kirschbluete-Residenz-Wuerzburg-scaled.jpg' title=\"\" data-rl_title=\"\" class=\"rl-gallery-link\" data-rl_caption=\"\" data-rel=\"lightbox-gallery-8\"><img loading=\"lazy\" decoding=\"async\" width=\"300\" height=\"179\" src=\"http:\/\/www.photofellowship.de\/wp-content\/uploads\/2025\/08\/Werdermann_Kirschbluete-Residenz-Wuerzburg-300x179.jpg\" class=\"attachment-medium size-medium\" alt=\"Kirschbluete Residenz W\u00fcrzburg\" aria-describedby=\"gallery-8-873\" srcset=\"http:\/\/www.photofellowship.de\/wp-content\/uploads\/2025\/08\/Werdermann_Kirschbluete-Residenz-Wuerzburg-300x179.jpg 300w, http:\/\/www.photofellowship.de\/wp-content\/uploads\/2025\/08\/Werdermann_Kirschbluete-Residenz-Wuerzburg-1024x613.jpg 1024w, http:\/\/www.photofellowship.de\/wp-content\/uploads\/2025\/08\/Werdermann_Kirschbluete-Residenz-Wuerzburg-768x459.jpg 768w, http:\/\/www.photofellowship.de\/wp-content\/uploads\/2025\/08\/Werdermann_Kirschbluete-Residenz-Wuerzburg-1536x919.jpg 1536w, http:\/\/www.photofellowship.de\/wp-content\/uploads\/2025\/08\/Werdermann_Kirschbluete-Residenz-Wuerzburg-2048x1225.jpg 2048w\" sizes=\"auto, (max-width: 300px) 100vw, 300px\" \/><\/a>\n\t\t\t<\/div>\n\t\t\t\t<figcaption class='wp-caption-text gallery-caption' id='gallery-8-873'>\n\t\t\t\tKirschbluete Residenz W\u00fcrzburg\n\t\t\t\t<\/figcaption><\/figure><figure class='gallery-item'>\n\t\t\t<div class='gallery-icon landscape'>\n\t\t\t\t<a href='http:\/\/www.photofellowship.de\/wp-content\/uploads\/2025\/08\/Werdermann_Kloster-Weltenburg-scaled.jpg' title=\"\" data-rl_title=\"\" class=\"rl-gallery-link\" data-rl_caption=\"\" data-rel=\"lightbox-gallery-8\"><img loading=\"lazy\" decoding=\"async\" width=\"300\" height=\"188\" src=\"http:\/\/www.photofellowship.de\/wp-content\/uploads\/2025\/08\/Werdermann_Kloster-Weltenburg-300x188.jpg\" class=\"attachment-medium size-medium\" alt=\"Kloster Weltenburg\" aria-describedby=\"gallery-8-874\" srcset=\"http:\/\/www.photofellowship.de\/wp-content\/uploads\/2025\/08\/Werdermann_Kloster-Weltenburg-300x188.jpg 300w, http:\/\/www.photofellowship.de\/wp-content\/uploads\/2025\/08\/Werdermann_Kloster-Weltenburg-1024x641.jpg 1024w, http:\/\/www.photofellowship.de\/wp-content\/uploads\/2025\/08\/Werdermann_Kloster-Weltenburg-768x480.jpg 768w, http:\/\/www.photofellowship.de\/wp-content\/uploads\/2025\/08\/Werdermann_Kloster-Weltenburg-1536x961.jpg 1536w, http:\/\/www.photofellowship.de\/wp-content\/uploads\/2025\/08\/Werdermann_Kloster-Weltenburg-2048x1281.jpg 2048w\" sizes=\"auto, (max-width: 300px) 100vw, 300px\" \/><\/a>\n\t\t\t<\/div>\n\t\t\t\t<figcaption class='wp-caption-text gallery-caption' id='gallery-8-874'>\n\t\t\t\tKloster Weltenburg\n\t\t\t\t<\/figcaption><\/figure><figure class='gallery-item'>\n\t\t\t<div class='gallery-icon landscape'>\n\t\t\t\t<a href='http:\/\/www.photofellowship.de\/wp-content\/uploads\/2025\/08\/Werdermann_Kolibri.jpg' title=\"\" data-rl_title=\"\" class=\"rl-gallery-link\" data-rl_caption=\"\" data-rel=\"lightbox-gallery-8\"><img loading=\"lazy\" decoding=\"async\" width=\"300\" height=\"169\" src=\"http:\/\/www.photofellowship.de\/wp-content\/uploads\/2025\/08\/Werdermann_Kolibri-300x169.jpg\" class=\"attachment-medium size-medium\" alt=\"Kolibri\" aria-describedby=\"gallery-8-875\" srcset=\"http:\/\/www.photofellowship.de\/wp-content\/uploads\/2025\/08\/Werdermann_Kolibri-300x169.jpg 300w, http:\/\/www.photofellowship.de\/wp-content\/uploads\/2025\/08\/Werdermann_Kolibri-1024x576.jpg 1024w, http:\/\/www.photofellowship.de\/wp-content\/uploads\/2025\/08\/Werdermann_Kolibri-768x432.jpg 768w, http:\/\/www.photofellowship.de\/wp-content\/uploads\/2025\/08\/Werdermann_Kolibri-1536x863.jpg 1536w, http:\/\/www.photofellowship.de\/wp-content\/uploads\/2025\/08\/Werdermann_Kolibri.jpg 1644w\" sizes=\"auto, (max-width: 300px) 100vw, 300px\" \/><\/a>\n\t\t\t<\/div>\n\t\t\t\t<figcaption class='wp-caption-text gallery-caption' id='gallery-8-875'>\n\t\t\t\tKolibri\n\t\t\t\t<\/figcaption><\/figure><figure class='gallery-item'>\n\t\t\t<div class='gallery-icon landscape'>\n\t\t\t\t<a href='http:\/\/www.photofellowship.de\/wp-content\/uploads\/2025\/08\/Werdermann_Konstiutionssaeule-Gaibach-scaled.jpg' title=\"\" data-rl_title=\"\" class=\"rl-gallery-link\" data-rl_caption=\"\" data-rel=\"lightbox-gallery-8\"><img loading=\"lazy\" decoding=\"async\" width=\"300\" height=\"212\" src=\"http:\/\/www.photofellowship.de\/wp-content\/uploads\/2025\/08\/Werdermann_Konstiutionssaeule-Gaibach-300x212.jpg\" class=\"attachment-medium size-medium\" alt=\"Konstiutionss\u00e4ule Gaibach\" aria-describedby=\"gallery-8-876\" srcset=\"http:\/\/www.photofellowship.de\/wp-content\/uploads\/2025\/08\/Werdermann_Konstiutionssaeule-Gaibach-300x212.jpg 300w, http:\/\/www.photofellowship.de\/wp-content\/uploads\/2025\/08\/Werdermann_Konstiutionssaeule-Gaibach-1024x722.jpg 1024w, http:\/\/www.photofellowship.de\/wp-content\/uploads\/2025\/08\/Werdermann_Konstiutionssaeule-Gaibach-768x542.jpg 768w, http:\/\/www.photofellowship.de\/wp-content\/uploads\/2025\/08\/Werdermann_Konstiutionssaeule-Gaibach-1536x1084.jpg 1536w, http:\/\/www.photofellowship.de\/wp-content\/uploads\/2025\/08\/Werdermann_Konstiutionssaeule-Gaibach-2048x1445.jpg 2048w\" sizes=\"auto, (max-width: 300px) 100vw, 300px\" \/><\/a>\n\t\t\t<\/div>\n\t\t\t\t<figcaption class='wp-caption-text gallery-caption' id='gallery-8-876'>\n\t\t\t\tKonstiutionss\u00e4ule Gaibach\n\t\t\t\t<\/figcaption><\/figure><figure class='gallery-item'>\n\t\t\t<div class='gallery-icon landscape'>\n\t\t\t\t<a href='http:\/\/www.photofellowship.de\/wp-content\/uploads\/2025\/08\/Werdermann_Malerische-Pracht.jpg' title=\"\" data-rl_title=\"\" class=\"rl-gallery-link\" data-rl_caption=\"\" data-rel=\"lightbox-gallery-8\"><img loading=\"lazy\" decoding=\"async\" width=\"300\" height=\"172\" src=\"http:\/\/www.photofellowship.de\/wp-content\/uploads\/2025\/08\/Werdermann_Malerische-Pracht-300x172.jpg\" class=\"attachment-medium size-medium\" alt=\"Malerische Pracht\" aria-describedby=\"gallery-8-877\" srcset=\"http:\/\/www.photofellowship.de\/wp-content\/uploads\/2025\/08\/Werdermann_Malerische-Pracht-300x172.jpg 300w, http:\/\/www.photofellowship.de\/wp-content\/uploads\/2025\/08\/Werdermann_Malerische-Pracht-1024x587.jpg 1024w, http:\/\/www.photofellowship.de\/wp-content\/uploads\/2025\/08\/Werdermann_Malerische-Pracht-768x440.jpg 768w, http:\/\/www.photofellowship.de\/wp-content\/uploads\/2025\/08\/Werdermann_Malerische-Pracht-1536x881.jpg 1536w, http:\/\/www.photofellowship.de\/wp-content\/uploads\/2025\/08\/Werdermann_Malerische-Pracht-2048x1174.jpg 2048w\" sizes=\"auto, (max-width: 300px) 100vw, 300px\" \/><\/a>\n\t\t\t<\/div>\n\t\t\t\t<figcaption class='wp-caption-text gallery-caption' id='gallery-8-877'>\n\t\t\t\tMalerische Pracht\n\t\t\t\t<\/figcaption><\/figure><figure class='gallery-item'>\n\t\t\t<div class='gallery-icon landscape'>\n\t\t\t\t<a href='http:\/\/www.photofellowship.de\/wp-content\/uploads\/2025\/08\/Werdermann_Moritzburg-scaled.jpg' title=\"\" data-rl_title=\"\" class=\"rl-gallery-link\" data-rl_caption=\"\" data-rel=\"lightbox-gallery-8\"><img loading=\"lazy\" decoding=\"async\" width=\"300\" height=\"196\" src=\"http:\/\/www.photofellowship.de\/wp-content\/uploads\/2025\/08\/Werdermann_Moritzburg-300x196.jpg\" class=\"attachment-medium size-medium\" alt=\"Moritzburg am Morgen\" aria-describedby=\"gallery-8-878\" srcset=\"http:\/\/www.photofellowship.de\/wp-content\/uploads\/2025\/08\/Werdermann_Moritzburg-300x196.jpg 300w, http:\/\/www.photofellowship.de\/wp-content\/uploads\/2025\/08\/Werdermann_Moritzburg-1024x670.jpg 1024w, http:\/\/www.photofellowship.de\/wp-content\/uploads\/2025\/08\/Werdermann_Moritzburg-768x503.jpg 768w, http:\/\/www.photofellowship.de\/wp-content\/uploads\/2025\/08\/Werdermann_Moritzburg-1536x1005.jpg 1536w, http:\/\/www.photofellowship.de\/wp-content\/uploads\/2025\/08\/Werdermann_Moritzburg-2048x1340.jpg 2048w\" sizes=\"auto, (max-width: 300px) 100vw, 300px\" \/><\/a>\n\t\t\t<\/div>\n\t\t\t\t<figcaption class='wp-caption-text gallery-caption' id='gallery-8-878'>\n\t\t\t\tMoritzburg am Morgen\n\t\t\t\t<\/figcaption><\/figure><figure class='gallery-item'>\n\t\t\t<div class='gallery-icon landscape'>\n\t\t\t\t<a href='http:\/\/www.photofellowship.de\/wp-content\/uploads\/2025\/08\/Werdermann_Pollensammler.jpg' title=\"\" data-rl_title=\"\" class=\"rl-gallery-link\" data-rl_caption=\"\" data-rel=\"lightbox-gallery-8\"><img loading=\"lazy\" decoding=\"async\" width=\"300\" height=\"189\" src=\"http:\/\/www.photofellowship.de\/wp-content\/uploads\/2025\/08\/Werdermann_Pollensammler-300x189.jpg\" class=\"attachment-medium size-medium\" alt=\"Pollensammler\" aria-describedby=\"gallery-8-879\" srcset=\"http:\/\/www.photofellowship.de\/wp-content\/uploads\/2025\/08\/Werdermann_Pollensammler-300x189.jpg 300w, http:\/\/www.photofellowship.de\/wp-content\/uploads\/2025\/08\/Werdermann_Pollensammler-1024x644.jpg 1024w, http:\/\/www.photofellowship.de\/wp-content\/uploads\/2025\/08\/Werdermann_Pollensammler-768x483.jpg 768w, http:\/\/www.photofellowship.de\/wp-content\/uploads\/2025\/08\/Werdermann_Pollensammler-1536x965.jpg 1536w, http:\/\/www.photofellowship.de\/wp-content\/uploads\/2025\/08\/Werdermann_Pollensammler-2048x1287.jpg 2048w\" sizes=\"auto, (max-width: 300px) 100vw, 300px\" \/><\/a>\n\t\t\t<\/div>\n\t\t\t\t<figcaption class='wp-caption-text gallery-caption' id='gallery-8-879'>\n\t\t\t\tPollensammler\n\t\t\t\t<\/figcaption><\/figure><figure class='gallery-item'>\n\t\t\t<div class='gallery-icon landscape'>\n\t\t\t\t<a href='http:\/\/www.photofellowship.de\/wp-content\/uploads\/2025\/08\/Werdermann_Reiflandschaft-scaled.jpg' title=\"\" data-rl_title=\"\" class=\"rl-gallery-link\" data-rl_caption=\"\" data-rel=\"lightbox-gallery-8\"><img loading=\"lazy\" decoding=\"async\" width=\"300\" height=\"147\" src=\"http:\/\/www.photofellowship.de\/wp-content\/uploads\/2025\/08\/Werdermann_Reiflandschaft-300x147.jpg\" class=\"attachment-medium size-medium\" alt=\"Reiflandschaft\" aria-describedby=\"gallery-8-880\" srcset=\"http:\/\/www.photofellowship.de\/wp-content\/uploads\/2025\/08\/Werdermann_Reiflandschaft-300x147.jpg 300w, http:\/\/www.photofellowship.de\/wp-content\/uploads\/2025\/08\/Werdermann_Reiflandschaft-1024x501.jpg 1024w, http:\/\/www.photofellowship.de\/wp-content\/uploads\/2025\/08\/Werdermann_Reiflandschaft-768x376.jpg 768w, http:\/\/www.photofellowship.de\/wp-content\/uploads\/2025\/08\/Werdermann_Reiflandschaft-1536x751.jpg 1536w, http:\/\/www.photofellowship.de\/wp-content\/uploads\/2025\/08\/Werdermann_Reiflandschaft-2048x1001.jpg 2048w\" sizes=\"auto, (max-width: 300px) 100vw, 300px\" \/><\/a>\n\t\t\t<\/div>\n\t\t\t\t<figcaption class='wp-caption-text gallery-caption' id='gallery-8-880'>\n\t\t\t\tReiflandschaft\n\t\t\t\t<\/figcaption><\/figure><figure class='gallery-item'>\n\t\t\t<div class='gallery-icon landscape'>\n\t\t\t\t<a href='http:\/\/www.photofellowship.de\/wp-content\/uploads\/2025\/08\/Werdermann_Rotaugenfrosch-Costa-Rica-scaled.jpg' title=\"\" data-rl_title=\"\" class=\"rl-gallery-link\" data-rl_caption=\"\" data-rel=\"lightbox-gallery-8\"><img loading=\"lazy\" decoding=\"async\" width=\"300\" height=\"173\" src=\"http:\/\/www.photofellowship.de\/wp-content\/uploads\/2025\/08\/Werdermann_Rotaugenfrosch-Costa-Rica-300x173.jpg\" class=\"attachment-medium size-medium\" alt=\"Rotaugenfrosch Costa-Rica\" aria-describedby=\"gallery-8-881\" srcset=\"http:\/\/www.photofellowship.de\/wp-content\/uploads\/2025\/08\/Werdermann_Rotaugenfrosch-Costa-Rica-300x173.jpg 300w, http:\/\/www.photofellowship.de\/wp-content\/uploads\/2025\/08\/Werdermann_Rotaugenfrosch-Costa-Rica-1024x592.jpg 1024w, http:\/\/www.photofellowship.de\/wp-content\/uploads\/2025\/08\/Werdermann_Rotaugenfrosch-Costa-Rica-768x444.jpg 768w, http:\/\/www.photofellowship.de\/wp-content\/uploads\/2025\/08\/Werdermann_Rotaugenfrosch-Costa-Rica-1536x888.jpg 1536w, http:\/\/www.photofellowship.de\/wp-content\/uploads\/2025\/08\/Werdermann_Rotaugenfrosch-Costa-Rica-2048x1184.jpg 2048w\" sizes=\"auto, (max-width: 300px) 100vw, 300px\" \/><\/a>\n\t\t\t<\/div>\n\t\t\t\t<figcaption class='wp-caption-text gallery-caption' id='gallery-8-881'>\n\t\t\t\tRotaugenfrosch Costa-Rica\n\t\t\t\t<\/figcaption><\/figure><figure class='gallery-item'>\n\t\t\t<div class='gallery-icon landscape'>\n\t\t\t\t<a href='http:\/\/www.photofellowship.de\/wp-content\/uploads\/2025\/08\/Werdermann_Begattungsflug-scaled.jpg' title=\"\" data-rl_title=\"\" class=\"rl-gallery-link\" data-rl_caption=\"\" data-rel=\"lightbox-gallery-8\"><img loading=\"lazy\" decoding=\"async\" width=\"300\" height=\"167\" src=\"http:\/\/www.photofellowship.de\/wp-content\/uploads\/2025\/08\/Werdermann_Begattungsflug-300x167.jpg\" class=\"attachment-medium size-medium\" alt=\"Begattungsflug\" aria-describedby=\"gallery-8-882\" srcset=\"http:\/\/www.photofellowship.de\/wp-content\/uploads\/2025\/08\/Werdermann_Begattungsflug-300x167.jpg 300w, http:\/\/www.photofellowship.de\/wp-content\/uploads\/2025\/08\/Werdermann_Begattungsflug-1024x569.jpg 1024w, http:\/\/www.photofellowship.de\/wp-content\/uploads\/2025\/08\/Werdermann_Begattungsflug-768x427.jpg 768w, http:\/\/www.photofellowship.de\/wp-content\/uploads\/2025\/08\/Werdermann_Begattungsflug-1536x854.jpg 1536w, http:\/\/www.photofellowship.de\/wp-content\/uploads\/2025\/08\/Werdermann_Begattungsflug-2048x1139.jpg 2048w\" sizes=\"auto, (max-width: 300px) 100vw, 300px\" \/><\/a>\n\t\t\t<\/div>\n\t\t\t\t<figcaption class='wp-caption-text gallery-caption' id='gallery-8-882'>\n\t\t\t\tBegattungsflug\n\t\t\t\t<\/figcaption><\/figure>\n\t\t<\/div>\n\n","protected":false},"excerpt":{"rendered":"<p>Auf dieser Seite pr\u00e4sentieren wir Ihnen einige ausgew\u00e4hlte Photos unserer Mitglieder. Wir w\u00fcnschen Ihnen viel Vergn\u00fcgen beim Betrachten. Kirsten Asmus Karin Brockmann (RC Rheine) Hannes Dambacher (RC N\u00f6rdlingen) Axel Klein (Rotary E-Club Bavaria International) &nbsp; Christian Stakelbeck (RC K\u00f6ln-Kastell) Kerstin<\/p>\n","protected":false},"author":2,"featured_media":0,"parent":0,"menu_order":0,"comment_status":"closed","ping_status":"closed","template":"","meta":{"footnotes":""},"class_list":["post-204","page","type-page","status-publish","hentry"],"_links":{"self":[{"href":"http:\/\/www.photofellowship.de\/index.php?rest_route=\/wp\/v2\/pages\/204","targetHints":{"allow":["GET"]}}],"collection":[{"href":"http:\/\/www.photofellowship.de\/index.php?rest_route=\/wp\/v2\/pages"}],"about":[{"href":"http:\/\/www.photofellowship.de\/index.php?rest_route=\/wp\/v2\/types\/page"}],"author":[{"embeddable":true,"href":"http:\/\/www.photofellowship.de\/index.php?rest_route=\/wp\/v2\/users\/2"}],"replies":[{"embeddable":true,"href":"http:\/\/www.photofellowship.de\/index.php?rest_route=%2Fwp%2Fv2%2Fcomments&post=204"}],"version-history":[{"count":67,"href":"http:\/\/www.photofellowship.de\/index.php?rest_route=\/wp\/v2\/pages\/204\/revisions"}],"predecessor-version":[{"id":889,"href":"http:\/\/www.photofellowship.de\/index.php?rest_route=\/wp\/v2\/pages\/204\/revisions\/889"}],"wp:attachment":[{"href":"http:\/\/www.photofellowship.de\/index.php?rest_route=%2Fwp%2Fv2%2Fmedia&parent=204"}],"curies":[{"name":"wp","href":"https:\/\/api.w.org\/{rel}","templated":true}]}}